{"id":303322,"date":"2025-06-11T11:24:49","date_gmt":"2025-06-11T09:24:49","guid":{"rendered":"https:\/\/amuseapp.art\/politique-de-confidentialite-amuseapp\/"},"modified":"2025-06-11T11:24:53","modified_gmt":"2025-06-11T09:24:53","slug":"politique-de-confidentialite-amuseapp","status":"publish","type":"page","link":"https:\/\/amuseapp.art\/fr\/politique-de-confidentialite-amuseapp\/","title":{"rendered":"Politique de confidentialit\u00e9 Amuseapp"},"content":{"rendered":"&#13;\n<div>&#13;\n<p>L&rsquo;objectif de ce document est d&rsquo;informer la personne (ci-apr\u00e8s<strong>\u00ab Personne concern\u00e9e<\/strong> \u00bb) sur le traitement de ses donn\u00e9es personnelles (ci-apr\u00e8s<strong>\u00ab Donn\u00e9es personnelles<\/strong> \u00bb) collect\u00e9es par le responsable du traitement, Larin srl, dont le si\u00e8ge social est situ\u00e9 via della rivetta 32B, 32100 Belluno, CF\/Partita IVA 01144900253, num\u00e9ro de TVA IT 01144900253, adresse e-mail assistenza@larin.it, (ci-apr\u00e8s<strong>\u00ab Responsable du traitement<\/strong> \u00bb), \u00e0 travers et AmuseApp (ci-apr\u00e8s<strong>\u00ab Application<\/strong> \u00bb).<\/p>&#13;\n<p>Les modifications et mises \u00e0 jour seront contraignantes d\u00e8s qu&rsquo;elles seront publi\u00e9es sur l&rsquo;Application. Si vous n&rsquo;acceptez pas les modifications apport\u00e9es \u00e0 la Politique de confidentialit\u00e9, vous devez cesser d&rsquo;utiliser cette Application et pouvez demander au Responsable du traitement de supprimer vos Donn\u00e9es personnelles. <\/p>&#13;\n<\/div>&#13;\n<ol>&#13;\n<li>&#13;\n<h4>Categorie di Dati Personali trattati<\/h4>&#13;\n<p>Le contr\u00f4leur des donn\u00e9es traite les types de donn\u00e9es personnelles suivants, fournis volontairement par la personne concern\u00e9e :<\/p>&#13;\n<ul>&#13;\n<li><strong>Dati di contatto<\/strong>: nome, cognome, indirizzo, e-mail, telefono, immagini, credenziali di autenticazione, eventuali ulteriori informazioni inviate dall&rsquo;Interessato, etc.<\/li>&#13;\n<li><strong>Dati fiscali e di pagamento<\/strong>: codice fiscale, partita IVA, dati della carta di credito, estremi del conto corrente bancario, etc.<\/li>&#13;\n<li><strong>Dati relativi al rapporto di lavoro<\/strong>: dati inseriti nel curriculum vitae, dati relativi al coniuge o ai figli, dati previdenziali, etc.<\/li>&#13;\n<\/ul>&#13;\n<p>Le contr\u00f4leur traite les types suivants de donn\u00e9es personnelles collect\u00e9es de mani\u00e8re automatis\u00e9e :<\/p>&#13;\n<ul>&#13;\n<li><strong>Dati tecnici<\/strong>: Dati Personali prodotti dai dispositivi, dalle applicazioni, dagli strumenti e dai protocolli utilizzati, quali ad esempio, informazioni sul dispositivo utilizzato, indirizzi IP, tipo di browser, tipo di provider Internet (ISP). Tali Dati Personali possono lasciare tracce che, in particolare se combinate con identificativi univoci e altre informazioni ricevute dai server, possono essere utilizzate per creare profili delle persone fisiche<\/li>&#13;\n<li><strong>Dati di navigazione e di utilizzo dell\u2019Applicazione<\/strong>: quali, ad esempio, pagine visitate, numero di clic, azioni compiute, durata delle sessioni, etc.<\/li>&#13;\n<\/ul>&#13;\n<p>Si la personne concern\u00e9e ne fournit pas les donn\u00e9es personnelles pour lesquelles il existe une obligation l\u00e9gale ou contractuelle, ou si elles constituent une condition n\u00e9cessaire \u00e0 la conclusion d&rsquo;un contrat avec le responsable du traitement, le responsable du traitement sera dans l&rsquo;incapacit\u00e9 d&rsquo;\u00e9tablir ou de poursuivre la relation avec la personne concern\u00e9e.<\/p>&#13;\n<p>La personne concern\u00e9e qui communique des donn\u00e9es personnelles de tiers au contr\u00f4leur est directement et exclusivement responsable de leur origine, de leur collecte, de leur traitement, de leur communication ou de leur diffusion.<\/p>&#13;\n<\/li>&#13;\n<li>&#13;\n<h4>Cookie e tecnologie simili<\/h4>&#13;\n<p>L&rsquo;application utilise des cookies, des balises web, des identifiants uniques et d&rsquo;autres technologies similaires pour collecter les donn\u00e9es personnelles de la personne concern\u00e9e sur les pages, les liens visit\u00e9s et les autres actions effectu\u00e9es lorsque la personne concern\u00e9e utilise l&rsquo;application. Ces donn\u00e9es sont stock\u00e9es et transmises lors de la prochaine visite de l&rsquo;utilisateur sur l&rsquo;application. L&rsquo;int\u00e9gralit\u00e9 de la politique en mati\u00e8re de cookies peut \u00eatre consult\u00e9e \u00e0 l&rsquo;adresse suivante : ____________________  <\/p>&#13;\n<\/li>&#13;\n<li>&#13;\n<h4>Base giuridica e finalit\u00e0 del trattamento<\/h4>&#13;\n<p>Le traitement des donn\u00e9es personnelles est n\u00e9cessaire :<\/p>&#13;\n<ol type=\"a\">&#13;\n<li>per l&rsquo;esecuzione del contratto con l\u2019Interessato e precisamente:&#13;\n<ol>&#13;\n<li><strong>adempimento di ogni obbligo derivante dal rapporto precontrattuale o contrattuale con l\u2019Interessato<\/strong><\/li>&#13;\n<li><strong>registrazione e autenticazione dell\u2019Interessato:<\/strong>\u00a0per consentire all\u2019Interessato di registrarsi sull\u2019Applicazione, accedere e essere identificato anche tramite piattaforme esterne<\/li>&#13;\n<li><strong>supporto e contatto con l\u2019Interessato<\/strong>: per rispondere alle richieste dell\u2019Interessato<\/li>&#13;\n<li><strong>gestione dei pagamenti<\/strong>: per gestire i pagamenti tramite carta di credito, bonifico bancario o altri strumenti<\/li>&#13;\n<\/ol>&#13;\n<\/li>&#13;\n<li>per obbligo di legge e precisamente:&#13;\n<ol>&#13;\n<li><strong>l\u2019adempimento di qualunque obbligo previsto dalle vigenti normative<\/strong>, leggi e regolamenti, in particolare, in materia tributaria e fiscale<\/li>&#13;\n<\/ol>&#13;\n<\/li>&#13;\n<li>sulla base del legittimo interesse del Titolare, per:&#13;\n<ol>&#13;\n<li><strong>finalit\u00e0 di marketing via email di prodotti e\/o servizi del titolare<\/strong>\u00a0per vendere direttamente i prodotti o servizi del Titolare utilizzando l\u2019e-mail fornita dall\u2019Interessato nel contesto della vendita di un prodotto o servizio analogo a quello oggetto della vendita<\/li>&#13;\n<li><strong>gestione, ottimizzazione e monitoraggio dell\u2019infrastruttura tecnica<\/strong>: per identificare e risolvere eventuali problemi tecnici, per migliorare le performance dell\u2019Applicazione, per gestire e organizzare le informazioni in un sistema informatico (es. server, database, etc.)<\/li>&#13;\n<li><strong>sicurezza e antifrode<\/strong>: per garantire la sicurezza del patrimonio, delle infrastrutture e delle reti del Titolare<\/li>&#13;\n<li><strong>statistica con dati anonimi<\/strong>: per effettuare analisi statistiche su dati aggregati e anonimi per analizzare i comportamenti dell\u2019Interessato, per migliorare i prodotti e\/o i servizi forniti dal Titolare e meglio soddisfare le aspettative dell\u2019Interessato<\/li>&#13;\n<\/ol>&#13;\n<\/li>&#13;\n<li>sulla base del consenso dell\u2019Interessato, per:&#13;\n<ol>&#13;\n<li><strong>profilazione dell\u2019Interessato per fini di marketing<\/strong>: per fornire all\u2019Interessato informazioni sui prodotti e\/o servizi del Titolare attraverso un trattamento automatizzato finalizzato alla raccolta di informazioni personali con lo scopo di prevedere o valutare le sue preferenze o comportamenti<\/li>&#13;\n<li><strong>retargeting e remarketing<\/strong>: per raggiungere con un annuncio pubblicitario personalizzato l\u2019Interessato che ha gi\u00e0 visitato o ha dimostrato interesse per i prodotti e\/o servizi offerti dall&rsquo;Applicazione utilizzando i suoi Dati Personali. L&rsquo;Interessato pu\u00f2 effettuare l\u2019opt-out visitando la pagina della\u00a0<a href=\"https:\/\/optout.networkadvertising.org\/?c=1\">Network Advertising Initiative<\/a><\/li>&#13;\n<li><strong>finalit\u00e0 di marketing di prodotti e\/o servizi del Titolare<\/strong>: per inviare informazioni o materiali commerciali e\/o promozionali, per effettuare attivit\u00e0 di vendita diretta di prodotti e\/o servizi del Titolare o per compiere ricerche di mercato con modalit\u00e0 automatizzate e tradizionali<\/li>&#13;\n<li><strong>finalit\u00e0 di marketing di prodotti e\/o servizi di terzi<\/strong>: per inviare informazioni o materiali commerciali e\/o promozionali di terzi, per effettuare attivit\u00e0 di vendita diretta o per compiere ricerche di mercato dei loro prodotti e\/o servizi con modalit\u00e0 automatizzate e tradizionali<\/li>&#13;\n<li><strong>comunicazione dei Dati Personali per finalit\u00e0 di marketing di terzi<\/strong>: per comunicare a terzi che operano nel settore marketing and advertising i Dati Personali affinch\u00e9 li utilizzino per inviare loro informazioni o materiali commerciali e\/o promozionali o per effettuare attivit\u00e0 di vendita diretta dei loro prodotti e\/o servizi o per compiere ricerche di mercato con modalit\u00e0 automatizzate e tradizionali<\/li>&#13;\n<li><strong>rilevazione della posizione esatta dell\u2019Interessato<\/strong>: per rilevare la presenza dell&rsquo;Interessato, per controllare gli accessi, gli orari e la presenza dell&rsquo;Interessato in un determinato luogo, etc.<\/li>&#13;\n<\/ol>&#13;\n<\/li>&#13;\n<\/ol>&#13;\n<p>Sur la base de l&rsquo;int\u00e9r\u00eat l\u00e9gitime du Responsable du traitement, l&rsquo;Application permet des interactions avec des plateformes externes ou des r\u00e9seaux sociaux dont le traitement des Donn\u00e9es \u00e0 caract\u00e8re personnel est r\u00e9gi par leurs politiques de confidentialit\u00e9 respectives auxquelles veuillez vous r\u00e9f\u00e9rer. Les interactions et les informations acquises par cette Application sont en tout \u00e9tat de cause soumises aux param\u00e8tres de confidentialit\u00e9 que la Personne concern\u00e9e a choisis sur ces plateformes ou r\u00e9seaux sociaux. Ces informations &#8211; en l&rsquo;absence de consentement sp\u00e9cifique au traitement \u00e0 d&rsquo;autres fins &#8211; sont utilis\u00e9es uniquement dans le but de permettre l&rsquo;utilisation de l&rsquo;Application et de fournir les informations et services demand\u00e9s.  <\/p>&#13;\n<p>Les donn\u00e9es personnelles de la personne concern\u00e9e peuvent \u00e9galement \u00eatre utilis\u00e9es par le contr\u00f4leur des donn\u00e9es pour se prot\u00e9ger devant les tribunaux comp\u00e9tents.<\/p>&#13;\n<\/li>&#13;\n<li>&#13;\n<h4>Modalit\u00e0 di trattamento e destinatari dei Dati Personali<\/h4>&#13;\n<p>\u00a0<\/p>&#13;\n<p>Le traitement des donn\u00e9es personnelles est effectu\u00e9 au moyen d&rsquo;instruments papier et informatiques avec des m\u00e9thodes d&rsquo;organisation et des logiques strictement li\u00e9es aux objectifs d\u00e9clar\u00e9s et par l&rsquo;adoption de mesures de s\u00e9curit\u00e9 appropri\u00e9es.<\/p>&#13;\n<p>Les donn\u00e9es \u00e0 caract\u00e8re personnel sont trait\u00e9es exclusivement par :<\/p>&#13;\n<ul>&#13;\n<li>persone autorizzate dal Titolare del trattamento dei Dati Personali che si sono impegnate alla riservatezza o abbiano un adeguato obbligo legale di riservatezza;<\/li>&#13;\n<li>soggetti che operano in autonomia come distinti titolari del trattamento o da soggetti designati quali responsabili del trattamento dal Titolare al fine di svolgere tutte le attivit\u00e0 di trattamento necessarie a perseguire le finalit\u00e0 di cui alla presente informativa (ad esempio, partner commerciali, consulenti, societ\u00e0 informatiche, fornitori di servizi, hosting provider);<\/li>&#13;\n<li>soggetti o enti a cui \u00e8 obbligatorio comunicare i Dati Personali per obbligo di legge o per ordine delle autorit\u00e0.<\/li>&#13;\n<\/ul>&#13;\n<p>\u00a0<\/p>&#13;\n<p>Les personnes \u00e9num\u00e9r\u00e9es ci-dessus sont tenues d&rsquo;utiliser des garanties appropri\u00e9es pour prot\u00e9ger les donn\u00e9es \u00e0 caract\u00e8re personnel et ne peuvent avoir acc\u00e8s qu&rsquo;aux donn\u00e9es \u00e0 caract\u00e8re personnel n\u00e9cessaires \u00e0 l&rsquo;ex\u00e9cution des t\u00e2ches qui leur sont confi\u00e9es.<\/p>&#13;\n<p>Les donn\u00e9es personnelles ne seront en aucun cas diffus\u00e9es sans discernement.<\/p>&#13;\n<\/li>&#13;\n<li>&#13;\n<h4>Luogo<\/h4>&#13;\n<p>Si n\u00e9cessaire, les donn\u00e9es personnelles peuvent \u00eatre transf\u00e9r\u00e9es \u00e0 des entit\u00e9s situ\u00e9es en dehors de l&rsquo;Espace \u00e9conomique europ\u00e9en (EEE). Lorsque des donn\u00e9es personnelles sont transf\u00e9r\u00e9es en dehors de l&rsquo;EEE, le contr\u00f4leur prend toutes les mesures contractuelles appropri\u00e9es et n\u00e9cessaires pour garantir un niveau de protection ad\u00e9quat des donn\u00e9es personnelles, y compris, entre autres, des accords fond\u00e9s sur les clauses contractuelles types pour le transfert de donn\u00e9es en dehors de l&rsquo;EEE, approuv\u00e9es par la Commission europ\u00e9enne. Pour demander des informations sur les garanties sp\u00e9cifiques adopt\u00e9es, la personne concern\u00e9e peut contacter le contr\u00f4leur \u00e0 l&rsquo;adresse \u00e9lectronique suivante : assistenza@larin.it.  <\/p>&#13;\n<\/li>&#13;\n<li>&#13;\n<h4>Periodo di conservazione dei Dati Personali<\/h4>&#13;\n<p>Les donn\u00e9es \u00e0 caract\u00e8re personnel seront conserv\u00e9es pendant la p\u00e9riode n\u00e9cessaire pour atteindre les objectifs pour lesquels elles ont \u00e9t\u00e9 collect\u00e9es, en particulier :<\/p>&#13;\n<ul>&#13;\n<li>per finalit\u00e0 relative all\u2019esecuzione del contratto tra il Titolare e l\u2019Interessato, saranno conservati per tutta la durata del rapporto contrattuale e, dopo la cessazione, per il periodo di prescrizione ordinario pari a 10 anni. Nel caso di contenzioso giudiziale, per tutta la durata dello stesso, fino all\u2019esaurimento dei termini di esperibilit\u00e0 delle azioni di impugnazione<\/li>&#13;\n<li>per finalit\u00e0 relative al legittimo interesse del Titolare, saranno conservati fino al compimento di tale interesse<\/li>&#13;\n<li>per l\u2019adempimento di un obbligo di legge, per ordine di un\u2019autorit\u00e0 e per la tutela in giudizio, saranno conservati nel rispetto delle tempistiche previste da detti obblighi, normative e comunque sino al compimento del termine prescrizionale previsto dalle norme in vigore<\/li>&#13;\n<li>per finalit\u00e0 basate sul consenso dell\u2019Interessato, saranno conservati sino alla revoca del consenso. Per finalit\u00e0 di marketing per un periodo non superiore a 24 mesi.<\/li>&#13;\n<\/ul>&#13;\n<p>\u00a0<\/p>&#13;\n<p>\u00c0 la fin de la p\u00e9riode de conservation, toutes les donn\u00e9es \u00e0 caract\u00e8re personnel seront supprim\u00e9es ou stock\u00e9es sous une forme qui ne permet pas d&rsquo;identifier la personne concern\u00e9e.<\/p>&#13;\n<\/li>&#13;\n<li>&#13;\n<h4>Diritti dell\u2019Interessato<\/h4>&#13;\n<p>Les personnes concern\u00e9es peuvent exercer certains droits en ce qui concerne les donn\u00e9es personnelles trait\u00e9es par le contr\u00f4leur. En particulier, la personne concern\u00e9e a le droit de : <\/p>&#13;\n<ul>&#13;\n<li>essere informato sul trattamento dei propri Dati Personali<\/li>&#13;\n<li>revocare il consenso in ogni momento<\/li>&#13;\n<li>limitare il trattamento dei propri Dati Personali<\/li>&#13;\n<li>opporsi al trattamento dei propri Dati Personali<\/li>&#13;\n<li>accedere ai propri Dati Personali<\/li>&#13;\n<li>verificare e chiedere la rettifica dei propri Dati Personali<\/li>&#13;\n<li>ottenere la limitazione del trattamento dei propri Dati Personali<\/li>&#13;\n<li>ottenere la cancellazione dei propri Dati Personali<\/li>&#13;\n<li>trasferire i propri Dati Personali ad altro titolare<\/li>&#13;\n<li>proporre reclamo all\u2019autorit\u00e0 di controllo della protezione dei propri Dati Personali e\/o agire in sede giudiziale.<\/li>&#13;\n<\/ul>&#13;\n<p>Pour exercer leurs droits, les personnes concern\u00e9es peuvent adresser une demande \u00e0 l&rsquo;adresse \u00e9lectronique suivante : assistenza@larin.it. Les demandes seront imm\u00e9diatement prises en compte par le contr\u00f4leur et trait\u00e9es aussi rapidement que possible, en tout \u00e9tat de cause dans un d\u00e9lai de 30 jours. <\/p>&#13;\n<\/li>&#13;\n<\/ol>&#13;\n<ol><\/ol><\/ol>\n<p><!-- \/wp:post-content --><\/p>\n","protected":false},"excerpt":{"rendered":"<p>&#13; &#13; L&rsquo;objectif de ce document est d&rsquo;informer la personne (ci-apr\u00e8s\u00ab Personne concern\u00e9e \u00bb) sur le traitement de ses donn\u00e9es personnelles (ci-apr\u00e8s\u00ab Donn\u00e9es personnelles \u00bb) collect\u00e9es par le responsable du traitement, Larin srl, dont le si\u00e8ge social est situ\u00e9 via della rivetta 32B, 32100 Belluno, CF\/Partita IVA 01144900253, num\u00e9ro de TVA IT 01144900253, adresse e-mail [&hellip;]<\/p>\n","protected":false},"author":1,"featured_media":0,"parent":0,"menu_order":0,"comment_status":"closed","ping_status":"closed","template":"","meta":{"content-type":"","site-sidebar-layout":"default","site-content-layout":"default","ast-site-content-layout":"default","site-content-style":"default","site-sidebar-style":"default","ast-global-header-display":"","ast-banner-title-visibility":"","ast-main-header-display":"","ast-hfb-above-header-display":"","ast-hfb-below-header-display":"","ast-hfb-mobile-header-display":"","site-post-title":"","ast-breadcrumbs-content":"","ast-featured-img":"","footer-sml-layout":"","ast-disable-related-posts":"","theme-transparent-header-meta":"default","adv-header-id-meta":"","stick-header-meta":"","header-above-stick-meta":"","header-main-stick-meta":"","header-below-stick-meta":"","astra-migrate-meta-layouts":"default","ast-page-background-enabled":"default","ast-page-background-meta":{"desktop":{"background-color":"","background-image":"","background-repeat":"repeat","background-position":"center center","background-size":"auto","background-attachment":"scroll","background-type":"","background-media":"","overlay-type":"","overlay-color":"","overlay-opacity":"","overlay-gradient":""},"tablet":{"background-color":"","background-image":"","background-repeat":"repeat","background-position":"center center","background-size":"auto","background-attachment":"scroll","background-type":"","background-media":"","overlay-type":"","overlay-color":"","overlay-opacity":"","overlay-gradient":""},"mobile":{"background-color":"","background-image":"","background-repeat":"repeat","background-position":"center center","background-size":"auto","background-attachment":"scroll","background-type":"","background-media":"","overlay-type":"","overlay-color":"","overlay-opacity":"","overlay-gradient":""}},"ast-content-background-meta":{"desktop":{"background-color":"var(--ast-global-color-5)","background-image":"","background-repeat":"repeat","background-position":"center center","background-size":"auto","background-attachment":"scroll","background-type":"","background-media":"","overlay-type":"","overlay-color":"","overlay-opacity":"","overlay-gradient":""},"tablet":{"background-color":"var(--ast-global-color-5)","background-image":"","background-repeat":"repeat","background-position":"center center","background-size":"auto","background-attachment":"scroll","background-type":"","background-media":"","overlay-type":"","overlay-color":"","overlay-opacity":"","overlay-gradient":""},"mobile":{"background-color":"var(--ast-global-color-5)","background-image":"","background-repeat":"repeat","background-position":"center center","background-size":"auto","background-attachment":"scroll","background-type":"","background-media":"","overlay-type":"","overlay-color":"","overlay-opacity":"","overlay-gradient":""}},"footnotes":""},"class_list":["post-303322","page","type-page","status-publish","hentry"],"yoast_head":"<!-- This site is optimized with the Yoast SEO plugin v27.4 - https:\/\/yoast.com\/product\/yoast-seo-wordpress\/ -->\n<title>Politique de confidentialit\u00e9 Amuseapp - amuseapp<\/title>\n<meta name=\"robots\" content=\"index, follow, max-snippet:-1, max-image-preview:large, max-video-preview:-1\" \/>\n<link rel=\"canonical\" href=\"https:\/\/amuseapp.art\/fr\/politique-de-confidentialite-amuseapp\/\" \/>\n<meta property=\"og:locale\" content=\"fr_FR\" \/>\n<meta property=\"og:type\" content=\"article\" \/>\n<meta property=\"og:title\" content=\"Politique de confidentialit\u00e9 Amuseapp - amuseapp\" \/>\n<meta property=\"og:description\" content=\"&#013; &#013; L&rsquo;objectif de ce document est d&rsquo;informer la personne (ci-apr\u00e8s\u00ab Personne concern\u00e9e \u00bb) sur le traitement de ses donn\u00e9es personnelles (ci-apr\u00e8s\u00ab Donn\u00e9es personnelles \u00bb) collect\u00e9es par le responsable du traitement, Larin srl, dont le si\u00e8ge social est situ\u00e9 via della rivetta 32B, 32100 Belluno, CF\/Partita IVA 01144900253, num\u00e9ro de TVA IT 01144900253, adresse e-mail [&hellip;]\" \/>\n<meta property=\"og:url\" content=\"https:\/\/amuseapp.art\/fr\/politique-de-confidentialite-amuseapp\/\" \/>\n<meta property=\"og:site_name\" content=\"amuseapp\" \/>\n<meta property=\"article:publisher\" content=\"https:\/\/www.facebook.com\/amuseappsensi\/\" \/>\n<meta property=\"article:modified_time\" content=\"2025-06-11T09:24:53+00:00\" \/>\n<meta property=\"og:image\" content=\"https:\/\/amuseapp.art\/wp-content\/uploads\/2024\/11\/preview.jpg\" \/>\n\t<meta property=\"og:image:width\" content=\"1920\" \/>\n\t<meta property=\"og:image:height\" content=\"1080\" \/>\n\t<meta property=\"og:image:type\" content=\"image\/jpeg\" \/>\n<meta name=\"twitter:card\" content=\"summary_large_image\" \/>\n<meta name=\"twitter:label1\" content=\"Dur\u00e9e de lecture estim\u00e9e\" \/>\n\t<meta name=\"twitter:data1\" content=\"9 minutes\" \/>\n<script type=\"application\/ld+json\" class=\"yoast-schema-graph\">{\"@context\":\"https:\\\/\\\/schema.org\",\"@graph\":[{\"@type\":\"WebPage\",\"@id\":\"https:\\\/\\\/amuseapp.art\\\/fr\\\/politique-de-confidentialite-amuseapp\\\/\",\"url\":\"https:\\\/\\\/amuseapp.art\\\/fr\\\/politique-de-confidentialite-amuseapp\\\/\",\"name\":\"Politique de confidentialit\u00e9 Amuseapp - amuseapp\",\"isPartOf\":{\"@id\":\"https:\\\/\\\/amuseapp.art\\\/#website\"},\"datePublished\":\"2025-06-11T09:24:49+00:00\",\"dateModified\":\"2025-06-11T09:24:53+00:00\",\"breadcrumb\":{\"@id\":\"https:\\\/\\\/amuseapp.art\\\/fr\\\/politique-de-confidentialite-amuseapp\\\/#breadcrumb\"},\"inLanguage\":\"fr-FR\",\"potentialAction\":[{\"@type\":\"ReadAction\",\"target\":[\"https:\\\/\\\/amuseapp.art\\\/fr\\\/politique-de-confidentialite-amuseapp\\\/\"]}]},{\"@type\":\"BreadcrumbList\",\"@id\":\"https:\\\/\\\/amuseapp.art\\\/fr\\\/politique-de-confidentialite-amuseapp\\\/#breadcrumb\",\"itemListElement\":[{\"@type\":\"ListItem\",\"position\":1,\"name\":\"Home\",\"item\":\"https:\\\/\\\/amuseapp.art\\\/en\\\/\"},{\"@type\":\"ListItem\",\"position\":2,\"name\":\"Politique de confidentialit\u00e9 Amuseapp\"}]},{\"@type\":\"WebSite\",\"@id\":\"https:\\\/\\\/amuseapp.art\\\/#website\",\"url\":\"https:\\\/\\\/amuseapp.art\\\/\",\"name\":\"amuseapp\",\"description\":\"More than just an audioguide\",\"publisher\":{\"@id\":\"https:\\\/\\\/amuseapp.art\\\/#organization\"},\"potentialAction\":[{\"@type\":\"SearchAction\",\"target\":{\"@type\":\"EntryPoint\",\"urlTemplate\":\"https:\\\/\\\/amuseapp.art\\\/?s={search_term_string}\"},\"query-input\":{\"@type\":\"PropertyValueSpecification\",\"valueRequired\":true,\"valueName\":\"search_term_string\"}}],\"inLanguage\":\"fr-FR\"},{\"@type\":\"Organization\",\"@id\":\"https:\\\/\\\/amuseapp.art\\\/#organization\",\"name\":\"Amuse\",\"url\":\"https:\\\/\\\/amuseapp.art\\\/\",\"logo\":{\"@type\":\"ImageObject\",\"inLanguage\":\"fr-FR\",\"@id\":\"https:\\\/\\\/amuseapp.art\\\/#\\\/schema\\\/logo\\\/image\\\/\",\"url\":\"https:\\\/\\\/amuseapp.art\\\/wp-content\\\/uploads\\\/2021\\\/03\\\/metodo-amuse-logo.svg\",\"contentUrl\":\"https:\\\/\\\/amuseapp.art\\\/wp-content\\\/uploads\\\/2021\\\/03\\\/metodo-amuse-logo.svg\",\"width\":357,\"height\":47,\"caption\":\"Amuse\"},\"image\":{\"@id\":\"https:\\\/\\\/amuseapp.art\\\/#\\\/schema\\\/logo\\\/image\\\/\"},\"sameAs\":[\"https:\\\/\\\/www.facebook.com\\\/amuseappsensi\\\/\"]}]}<\/script>\n<!-- \/ Yoast SEO plugin. -->","yoast_head_json":{"title":"Politique de confidentialit\u00e9 Amuseapp - amuseapp","robots":{"index":"index","follow":"follow","max-snippet":"max-snippet:-1","max-image-preview":"max-image-preview:large","max-video-preview":"max-video-preview:-1"},"canonical":"https:\/\/amuseapp.art\/fr\/politique-de-confidentialite-amuseapp\/","og_locale":"fr_FR","og_type":"article","og_title":"Politique de confidentialit\u00e9 Amuseapp - amuseapp","og_description":"&#13; &#13; L&rsquo;objectif de ce document est d&rsquo;informer la personne (ci-apr\u00e8s\u00ab Personne concern\u00e9e \u00bb) sur le traitement de ses donn\u00e9es personnelles (ci-apr\u00e8s\u00ab Donn\u00e9es personnelles \u00bb) collect\u00e9es par le responsable du traitement, Larin srl, dont le si\u00e8ge social est situ\u00e9 via della rivetta 32B, 32100 Belluno, CF\/Partita IVA 01144900253, num\u00e9ro de TVA IT 01144900253, adresse e-mail [&hellip;]","og_url":"https:\/\/amuseapp.art\/fr\/politique-de-confidentialite-amuseapp\/","og_site_name":"amuseapp","article_publisher":"https:\/\/www.facebook.com\/amuseappsensi\/","article_modified_time":"2025-06-11T09:24:53+00:00","og_image":[{"width":1920,"height":1080,"url":"https:\/\/amuseapp.art\/wp-content\/uploads\/2024\/11\/preview.jpg","type":"image\/jpeg"}],"twitter_card":"summary_large_image","twitter_misc":{"Dur\u00e9e de lecture estim\u00e9e":"9 minutes"},"schema":{"@context":"https:\/\/schema.org","@graph":[{"@type":"WebPage","@id":"https:\/\/amuseapp.art\/fr\/politique-de-confidentialite-amuseapp\/","url":"https:\/\/amuseapp.art\/fr\/politique-de-confidentialite-amuseapp\/","name":"Politique de confidentialit\u00e9 Amuseapp - amuseapp","isPartOf":{"@id":"https:\/\/amuseapp.art\/#website"},"datePublished":"2025-06-11T09:24:49+00:00","dateModified":"2025-06-11T09:24:53+00:00","breadcrumb":{"@id":"https:\/\/amuseapp.art\/fr\/politique-de-confidentialite-amuseapp\/#breadcrumb"},"inLanguage":"fr-FR","potentialAction":[{"@type":"ReadAction","target":["https:\/\/amuseapp.art\/fr\/politique-de-confidentialite-amuseapp\/"]}]},{"@type":"BreadcrumbList","@id":"https:\/\/amuseapp.art\/fr\/politique-de-confidentialite-amuseapp\/#breadcrumb","itemListElement":[{"@type":"ListItem","position":1,"name":"Home","item":"https:\/\/amuseapp.art\/en\/"},{"@type":"ListItem","position":2,"name":"Politique de confidentialit\u00e9 Amuseapp"}]},{"@type":"WebSite","@id":"https:\/\/amuseapp.art\/#website","url":"https:\/\/amuseapp.art\/","name":"amuseapp","description":"More than just an audioguide","publisher":{"@id":"https:\/\/amuseapp.art\/#organization"},"potentialAction":[{"@type":"SearchAction","target":{"@type":"EntryPoint","urlTemplate":"https:\/\/amuseapp.art\/?s={search_term_string}"},"query-input":{"@type":"PropertyValueSpecification","valueRequired":true,"valueName":"search_term_string"}}],"inLanguage":"fr-FR"},{"@type":"Organization","@id":"https:\/\/amuseapp.art\/#organization","name":"Amuse","url":"https:\/\/amuseapp.art\/","logo":{"@type":"ImageObject","inLanguage":"fr-FR","@id":"https:\/\/amuseapp.art\/#\/schema\/logo\/image\/","url":"https:\/\/amuseapp.art\/wp-content\/uploads\/2021\/03\/metodo-amuse-logo.svg","contentUrl":"https:\/\/amuseapp.art\/wp-content\/uploads\/2021\/03\/metodo-amuse-logo.svg","width":357,"height":47,"caption":"Amuse"},"image":{"@id":"https:\/\/amuseapp.art\/#\/schema\/logo\/image\/"},"sameAs":["https:\/\/www.facebook.com\/amuseappsensi\/"]}]}},"_links":{"self":[{"href":"https:\/\/amuseapp.art\/fr\/wp-json\/wp\/v2\/pages\/303322","targetHints":{"allow":["GET"]}}],"collection":[{"href":"https:\/\/amuseapp.art\/fr\/wp-json\/wp\/v2\/pages"}],"about":[{"href":"https:\/\/amuseapp.art\/fr\/wp-json\/wp\/v2\/types\/page"}],"author":[{"embeddable":true,"href":"https:\/\/amuseapp.art\/fr\/wp-json\/wp\/v2\/users\/1"}],"replies":[{"embeddable":true,"href":"https:\/\/amuseapp.art\/fr\/wp-json\/wp\/v2\/comments?post=303322"}],"version-history":[{"count":1,"href":"https:\/\/amuseapp.art\/fr\/wp-json\/wp\/v2\/pages\/303322\/revisions"}],"predecessor-version":[{"id":303323,"href":"https:\/\/amuseapp.art\/fr\/wp-json\/wp\/v2\/pages\/303322\/revisions\/303323"}],"wp:attachment":[{"href":"https:\/\/amuseapp.art\/fr\/wp-json\/wp\/v2\/media?parent=303322"}],"curies":[{"name":"wp","href":"https:\/\/api.w.org\/{rel}","templated":true}]}}