{"id":303315,"date":"2025-06-11T11:24:47","date_gmt":"2025-06-11T09:24:47","guid":{"rendered":"https:\/\/amuseapp.art\/politica-de-privacidad-amuseapp\/"},"modified":"2025-06-11T11:24:53","modified_gmt":"2025-06-11T09:24:53","slug":"politica-de-privacidad-amuseapp","status":"publish","type":"page","link":"https:\/\/amuseapp.art\/es\/politica-de-privacidad-amuseapp\/","title":{"rendered":"Pol\u00edtica de privacidad Amuseapp"},"content":{"rendered":"&#13;\n<div>&#13;\n<p>El presente documento tiene por objeto informar a la persona f\u00edsica (en lo sucesivo,<strong>\u201cTitular<\/strong>de los datos\u201d) sobre el tratamiento de sus datos personales (en lo sucesivo,<strong>\u201cDatos personales<\/strong>\u201d) recogidos por el responsable del tratamiento, Larin srl, con domicilio social en via della rivetta 32B, 32100 Belluno, CF\/Partita IVA 01144900253, n\u00famero de IVA IT 01144900253, direcci\u00f3n de correo electr\u00f3nico assistenza@larin.it, (en lo sucesivo,<strong>\u201cResponsable del tratamiento<\/strong>\u201d), a trav\u00e9s de y AmuseApp (en lo sucesivo,<strong>\u201cAplicaci\u00f3n<\/strong>\u201d).<\/p>&#13;\n<p>Los cambios y actualizaciones ser\u00e1n vinculantes tan pronto como se publiquen en la Aplicaci\u00f3n. Si no aceptas los cambios introducidos en la Pol\u00edtica de Privacidad, deber\u00e1s dejar de utilizar esta Aplicaci\u00f3n y podr\u00e1s solicitar al Responsable que elimine tus Datos Personales. <\/p>&#13;\n<\/div>&#13;\n<ol>&#13;\n<li>&#13;\n<h4>Categorie di Dati Personali trattati<\/h4>&#13;\n<p>El Responsable del Tratamiento trata los siguientes tipos de Datos Personales facilitados voluntariamente por el Interesado:<\/p>&#13;\n<ul>&#13;\n<li><strong>Dati di contatto<\/strong>: nome, cognome, indirizzo, e-mail, telefono, immagini, credenziali di autenticazione, eventuali ulteriori informazioni inviate dall&#8217;Interessato, etc.<\/li>&#13;\n<li><strong>Dati fiscali e di pagamento<\/strong>: codice fiscale, partita IVA, dati della carta di credito, estremi del conto corrente bancario, etc.<\/li>&#13;\n<li><strong>Dati relativi al rapporto di lavoro<\/strong>: dati inseriti nel curriculum vitae, dati relativi al coniuge o ai figli, dati previdenziali, etc.<\/li>&#13;\n<\/ul>&#13;\n<p>El Responsable del Tratamiento trata los siguientes tipos de Datos Personales recogidos de forma automatizada:<\/p>&#13;\n<ul>&#13;\n<li><strong>Dati tecnici<\/strong>: Dati Personali prodotti dai dispositivi, dalle applicazioni, dagli strumenti e dai protocolli utilizzati, quali ad esempio, informazioni sul dispositivo utilizzato, indirizzi IP, tipo di browser, tipo di provider Internet (ISP). Tali Dati Personali possono lasciare tracce che, in particolare se combinate con identificativi univoci e altre informazioni ricevute dai server, possono essere utilizzate per creare profili delle persone fisiche<\/li>&#13;\n<li><strong>Dati di navigazione e di utilizzo dell\u2019Applicazione<\/strong>: quali, ad esempio, pagine visitate, numero di clic, azioni compiute, durata delle sessioni, etc.<\/li>&#13;\n<\/ul>&#13;\n<p>El hecho de que el Titular de los Datos no facilite los Datos Personales para los que exista una obligaci\u00f3n legal o contractual, o si son un requisito necesario para la celebraci\u00f3n de un contrato con el Responsable del Tratamiento, tendr\u00e1 como consecuencia que el Responsable del Tratamiento no pueda establecer o continuar la relaci\u00f3n con el Titular de los Datos.<\/p>&#13;\n<p>El Titular que comunique Datos Personales de terceros al Responsable del Tratamiento es responsable directo y exclusivo de su origen, recogida, tratamiento, comunicaci\u00f3n o difusi\u00f3n.<\/p>&#13;\n<\/li>&#13;\n<li>&#13;\n<h4>Cookie e tecnologie simili<\/h4>&#13;\n<p>La Aplicaci\u00f3n utiliza cookies, balizas web, identificadores \u00fanicos y otras tecnolog\u00edas similares para recopilar Datos Personales del Titular de los Datos sobre las p\u00e1ginas, enlaces visitados y otras acciones realizadas cuando el Titular de los Datos utiliza la Aplicaci\u00f3n. Se almacenan y se transmiten la pr\u00f3xima vez que el Usuario visita la Aplicaci\u00f3n. La Pol\u00edtica de Cookies completa puede consultarse en la siguiente direcci\u00f3n ____________________  <\/p>&#13;\n<\/li>&#13;\n<li>&#13;\n<h4>Base giuridica e finalit\u00e0 del trattamento<\/h4>&#13;\n<p>El tratamiento de los Datos Personales es necesario:<\/p>&#13;\n<ol type=\"a\">&#13;\n<li>per l&#8217;esecuzione del contratto con l\u2019Interessato e precisamente:&#13;\n<ol>&#13;\n<li><strong>adempimento di ogni obbligo derivante dal rapporto precontrattuale o contrattuale con l\u2019Interessato<\/strong><\/li>&#13;\n<li><strong>registrazione e autenticazione dell\u2019Interessato:<\/strong>\u00a0per consentire all\u2019Interessato di registrarsi sull\u2019Applicazione, accedere e essere identificato anche tramite piattaforme esterne<\/li>&#13;\n<li><strong>supporto e contatto con l\u2019Interessato<\/strong>: per rispondere alle richieste dell\u2019Interessato<\/li>&#13;\n<li><strong>gestione dei pagamenti<\/strong>: per gestire i pagamenti tramite carta di credito, bonifico bancario o altri strumenti<\/li>&#13;\n<\/ol>&#13;\n<\/li>&#13;\n<li>per obbligo di legge e precisamente:&#13;\n<ol>&#13;\n<li><strong>l\u2019adempimento di qualunque obbligo previsto dalle vigenti normative<\/strong>, leggi e regolamenti, in particolare, in materia tributaria e fiscale<\/li>&#13;\n<\/ol>&#13;\n<\/li>&#13;\n<li>sulla base del legittimo interesse del Titolare, per:&#13;\n<ol>&#13;\n<li><strong>finalit\u00e0 di marketing via email di prodotti e\/o servizi del titolare<\/strong>\u00a0per vendere direttamente i prodotti o servizi del Titolare utilizzando l\u2019e-mail fornita dall\u2019Interessato nel contesto della vendita di un prodotto o servizio analogo a quello oggetto della vendita<\/li>&#13;\n<li><strong>gestione, ottimizzazione e monitoraggio dell\u2019infrastruttura tecnica<\/strong>: per identificare e risolvere eventuali problemi tecnici, per migliorare le performance dell\u2019Applicazione, per gestire e organizzare le informazioni in un sistema informatico (es. server, database, etc.)<\/li>&#13;\n<li><strong>sicurezza e antifrode<\/strong>: per garantire la sicurezza del patrimonio, delle infrastrutture e delle reti del Titolare<\/li>&#13;\n<li><strong>statistica con dati anonimi<\/strong>: per effettuare analisi statistiche su dati aggregati e anonimi per analizzare i comportamenti dell\u2019Interessato, per migliorare i prodotti e\/o i servizi forniti dal Titolare e meglio soddisfare le aspettative dell\u2019Interessato<\/li>&#13;\n<\/ol>&#13;\n<\/li>&#13;\n<li>sulla base del consenso dell\u2019Interessato, per:&#13;\n<ol>&#13;\n<li><strong>profilazione dell\u2019Interessato per fini di marketing<\/strong>: per fornire all\u2019Interessato informazioni sui prodotti e\/o servizi del Titolare attraverso un trattamento automatizzato finalizzato alla raccolta di informazioni personali con lo scopo di prevedere o valutare le sue preferenze o comportamenti<\/li>&#13;\n<li><strong>retargeting e remarketing<\/strong>: per raggiungere con un annuncio pubblicitario personalizzato l\u2019Interessato che ha gi\u00e0 visitato o ha dimostrato interesse per i prodotti e\/o servizi offerti dall&#8217;Applicazione utilizzando i suoi Dati Personali. L&#8217;Interessato pu\u00f2 effettuare l\u2019opt-out visitando la pagina della\u00a0<a href=\"https:\/\/optout.networkadvertising.org\/?c=1\">Network Advertising Initiative<\/a><\/li>&#13;\n<li><strong>finalit\u00e0 di marketing di prodotti e\/o servizi del Titolare<\/strong>: per inviare informazioni o materiali commerciali e\/o promozionali, per effettuare attivit\u00e0 di vendita diretta di prodotti e\/o servizi del Titolare o per compiere ricerche di mercato con modalit\u00e0 automatizzate e tradizionali<\/li>&#13;\n<li><strong>finalit\u00e0 di marketing di prodotti e\/o servizi di terzi<\/strong>: per inviare informazioni o materiali commerciali e\/o promozionali di terzi, per effettuare attivit\u00e0 di vendita diretta o per compiere ricerche di mercato dei loro prodotti e\/o servizi con modalit\u00e0 automatizzate e tradizionali<\/li>&#13;\n<li><strong>comunicazione dei Dati Personali per finalit\u00e0 di marketing di terzi<\/strong>: per comunicare a terzi che operano nel settore marketing and advertising i Dati Personali affinch\u00e9 li utilizzino per inviare loro informazioni o materiali commerciali e\/o promozionali o per effettuare attivit\u00e0 di vendita diretta dei loro prodotti e\/o servizi o per compiere ricerche di mercato con modalit\u00e0 automatizzate e tradizionali<\/li>&#13;\n<li><strong>rilevazione della posizione esatta dell\u2019Interessato<\/strong>: per rilevare la presenza dell&#8217;Interessato, per controllare gli accessi, gli orari e la presenza dell&#8217;Interessato in un determinato luogo, etc.<\/li>&#13;\n<\/ol>&#13;\n<\/li>&#13;\n<\/ol>&#13;\n<p>Bas\u00e1ndose en el inter\u00e9s leg\u00edtimo del Responsable del Tratamiento, la Aplicaci\u00f3n permite interacciones con plataformas externas o redes sociales cuyo tratamiento de Datos Personales se rige por sus respectivas pol\u00edticas de privacidad a las que te puedes remitir. Las interacciones y la informaci\u00f3n adquirida por esta Aplicaci\u00f3n est\u00e1n sujetas en todo caso a la configuraci\u00f3n de privacidad que el Titular de los Datos haya elegido en dichas plataformas o redes sociales. Esta informaci\u00f3n -en ausencia de consentimiento espec\u00edfico para su tratamiento con otros fines- se utiliza \u00fanicamente con el fin de permitir el uso de la Aplicaci\u00f3n y proporcionar la informaci\u00f3n y los servicios solicitados.  <\/p>&#13;\n<p>Los Datos Personales del Interesado tambi\u00e9n pueden ser utilizados por el Responsable del Tratamiento para protegerse ante los tribunales competentes.<\/p>&#13;\n<\/li>&#13;\n<li>&#13;\n<h4>Modalit\u00e0 di trattamento e destinatari dei Dati Personali<\/h4>&#13;\n<p>\u00a0<\/p>&#13;\n<p>El tratamiento de los Datos Personales se lleva a cabo mediante instrumentos en papel e inform\u00e1ticos con m\u00e9todos organizativos y l\u00f3gicos estrictamente relacionados con los fines declarados y mediante la adopci\u00f3n de medidas de seguridad adecuadas.<\/p>&#13;\n<p>Los Datos Personales son tratados exclusivamente por:<\/p>&#13;\n<ul>&#13;\n<li>persone autorizzate dal Titolare del trattamento dei Dati Personali che si sono impegnate alla riservatezza o abbiano un adeguato obbligo legale di riservatezza;<\/li>&#13;\n<li>soggetti che operano in autonomia come distinti titolari del trattamento o da soggetti designati quali responsabili del trattamento dal Titolare al fine di svolgere tutte le attivit\u00e0 di trattamento necessarie a perseguire le finalit\u00e0 di cui alla presente informativa (ad esempio, partner commerciali, consulenti, societ\u00e0 informatiche, fornitori di servizi, hosting provider);<\/li>&#13;\n<li>soggetti o enti a cui \u00e8 obbligatorio comunicare i Dati Personali per obbligo di legge o per ordine delle autorit\u00e0.<\/li>&#13;\n<\/ul>&#13;\n<p>\u00a0<\/p>&#13;\n<p>Las personas mencionadas anteriormente est\u00e1n obligadas a utilizar las salvaguardias adecuadas para proteger los Datos Personales y s\u00f3lo pueden tener acceso a los Datos Personales necesarios para realizar las tareas que se les asignen.<\/p>&#13;\n<p>Los Datos Personales no se difundir\u00e1n indiscriminadamente de ninguna manera.<\/p>&#13;\n<\/li>&#13;\n<li>&#13;\n<h4>Luogo<\/h4>&#13;\n<p>En caso necesario, los Datos Personales podr\u00e1n transferirse a entidades situadas fuera del Espacio Econ\u00f3mico Europeo (EEE). Siempre que se transfieran Datos Personales fuera del EEE, el Responsable del Tratamiento adoptar\u00e1 todas las medidas contractuales apropiadas y necesarias para garantizar un nivel adecuado de protecci\u00f3n de los Datos Personales, incluidos, entre otros, acuerdos basados en las cl\u00e1usulas contractuales tipo para la transferencia de datos fuera del EEE, aprobadas por la Comisi\u00f3n Europea. Para solicitar informaci\u00f3n sobre las garant\u00edas espec\u00edficas adoptadas, el Sujeto de los Datos puede ponerse en contacto con el Responsable del Tratamiento en la siguiente direcci\u00f3n de correo electr\u00f3nico assistenza@larin.it.  <\/p>&#13;\n<\/li>&#13;\n<li>&#13;\n<h4>Periodo di conservazione dei Dati Personali<\/h4>&#13;\n<p>Los Datos Personales se conservar\u00e1n durante el periodo de tiempo necesario para cumplir los fines para los que fueron recogidos, en particular:<\/p>&#13;\n<ul>&#13;\n<li>per finalit\u00e0 relative all\u2019esecuzione del contratto tra il Titolare e l\u2019Interessato, saranno conservati per tutta la durata del rapporto contrattuale e, dopo la cessazione, per il periodo di prescrizione ordinario pari a 10 anni. Nel caso di contenzioso giudiziale, per tutta la durata dello stesso, fino all\u2019esaurimento dei termini di esperibilit\u00e0 delle azioni di impugnazione<\/li>&#13;\n<li>per finalit\u00e0 relative al legittimo interesse del Titolare, saranno conservati fino al compimento di tale interesse<\/li>&#13;\n<li>per l\u2019adempimento di un obbligo di legge, per ordine di un\u2019autorit\u00e0 e per la tutela in giudizio, saranno conservati nel rispetto delle tempistiche previste da detti obblighi, normative e comunque sino al compimento del termine prescrizionale previsto dalle norme in vigore<\/li>&#13;\n<li>per finalit\u00e0 basate sul consenso dell\u2019Interessato, saranno conservati sino alla revoca del consenso. Per finalit\u00e0 di marketing per un periodo non superiore a 24 mesi.<\/li>&#13;\n<\/ul>&#13;\n<p>\u00a0<\/p>&#13;\n<p>Al final del periodo de conservaci\u00f3n, todos los Datos Personales ser\u00e1n eliminados o almacenados en una forma que no permita la identificaci\u00f3n del Sujeto de los Datos.<\/p>&#13;\n<\/li>&#13;\n<li>&#13;\n<h4>Diritti dell\u2019Interessato<\/h4>&#13;\n<p>Los Titulares de los Datos pueden ejercer determinados derechos en relaci\u00f3n con los Datos Personales tratados por el Responsable del Tratamiento. En particular, el Titular de los Datos tiene derecho a: <\/p>&#13;\n<ul>&#13;\n<li>essere informato sul trattamento dei propri Dati Personali<\/li>&#13;\n<li>revocare il consenso in ogni momento<\/li>&#13;\n<li>limitare il trattamento dei propri Dati Personali<\/li>&#13;\n<li>opporsi al trattamento dei propri Dati Personali<\/li>&#13;\n<li>accedere ai propri Dati Personali<\/li>&#13;\n<li>verificare e chiedere la rettifica dei propri Dati Personali<\/li>&#13;\n<li>ottenere la limitazione del trattamento dei propri Dati Personali<\/li>&#13;\n<li>ottenere la cancellazione dei propri Dati Personali<\/li>&#13;\n<li>trasferire i propri Dati Personali ad altro titolare<\/li>&#13;\n<li>proporre reclamo all\u2019autorit\u00e0 di controllo della protezione dei propri Dati Personali e\/o agire in sede giudiziale.<\/li>&#13;\n<\/ul>&#13;\n<p>Para ejercer sus derechos, los Interesados pueden dirigir una solicitud a la siguiente direcci\u00f3n de correo electr\u00f3nico assistenza@larin.it. El Responsable del Tratamiento atender\u00e1 las solicitudes de inmediato y las tramitar\u00e1 lo antes posible, en cualquier caso en un plazo de 30 d\u00edas. <\/p>&#13;\n<\/li>&#13;\n<\/ol>&#13;\n<ol><\/ol><\/ol>\n<p><!-- \/wp:post-content --><\/p>\n","protected":false},"excerpt":{"rendered":"<p>&#13; &#13; El presente documento tiene por objeto informar a la persona f\u00edsica (en lo sucesivo,\u201cTitularde los datos\u201d) sobre el tratamiento de sus datos personales (en lo sucesivo,\u201cDatos personales\u201d) recogidos por el responsable del tratamiento, Larin srl, con domicilio social en via della rivetta 32B, 32100 Belluno, CF\/Partita IVA 01144900253, n\u00famero de IVA IT 01144900253, [&hellip;]<\/p>\n","protected":false},"author":1,"featured_media":0,"parent":0,"menu_order":0,"comment_status":"closed","ping_status":"closed","template":"","meta":{"content-type":"","site-sidebar-layout":"default","site-content-layout":"default","ast-site-content-layout":"default","site-content-style":"default","site-sidebar-style":"default","ast-global-header-display":"","ast-banner-title-visibility":"","ast-main-header-display":"","ast-hfb-above-header-display":"","ast-hfb-below-header-display":"","ast-hfb-mobile-header-display":"","site-post-title":"","ast-breadcrumbs-content":"","ast-featured-img":"","footer-sml-layout":"","ast-disable-related-posts":"","theme-transparent-header-meta":"default","adv-header-id-meta":"","stick-header-meta":"","header-above-stick-meta":"","header-main-stick-meta":"","header-below-stick-meta":"","astra-migrate-meta-layouts":"default","ast-page-background-enabled":"default","ast-page-background-meta":{"desktop":{"background-color":"","background-image":"","background-repeat":"repeat","background-position":"center center","background-size":"auto","background-attachment":"scroll","background-type":"","background-media":"","overlay-type":"","overlay-color":"","overlay-opacity":"","overlay-gradient":""},"tablet":{"background-color":"","background-image":"","background-repeat":"repeat","background-position":"center center","background-size":"auto","background-attachment":"scroll","background-type":"","background-media":"","overlay-type":"","overlay-color":"","overlay-opacity":"","overlay-gradient":""},"mobile":{"background-color":"","background-image":"","background-repeat":"repeat","background-position":"center center","background-size":"auto","background-attachment":"scroll","background-type":"","background-media":"","overlay-type":"","overlay-color":"","overlay-opacity":"","overlay-gradient":""}},"ast-content-background-meta":{"desktop":{"background-color":"var(--ast-global-color-5)","background-image":"","background-repeat":"repeat","background-position":"center center","background-size":"auto","background-attachment":"scroll","background-type":"","background-media":"","overlay-type":"","overlay-color":"","overlay-opacity":"","overlay-gradient":""},"tablet":{"background-color":"var(--ast-global-color-5)","background-image":"","background-repeat":"repeat","background-position":"center center","background-size":"auto","background-attachment":"scroll","background-type":"","background-media":"","overlay-type":"","overlay-color":"","overlay-opacity":"","overlay-gradient":""},"mobile":{"background-color":"var(--ast-global-color-5)","background-image":"","background-repeat":"repeat","background-position":"center center","background-size":"auto","background-attachment":"scroll","background-type":"","background-media":"","overlay-type":"","overlay-color":"","overlay-opacity":"","overlay-gradient":""}},"footnotes":""},"class_list":["post-303315","page","type-page","status-publish","hentry"],"yoast_head":"<!-- This site is optimized with the Yoast SEO plugin v27.4 - https:\/\/yoast.com\/product\/yoast-seo-wordpress\/ -->\n<title>Pol\u00edtica de privacidad Amuseapp - amuseapp<\/title>\n<meta name=\"robots\" content=\"index, follow, max-snippet:-1, max-image-preview:large, max-video-preview:-1\" \/>\n<link rel=\"canonical\" href=\"https:\/\/amuseapp.art\/es\/politica-de-privacidad-amuseapp\/\" \/>\n<meta property=\"og:locale\" content=\"es_ES\" \/>\n<meta property=\"og:type\" content=\"article\" \/>\n<meta property=\"og:title\" content=\"Pol\u00edtica de privacidad Amuseapp - amuseapp\" \/>\n<meta property=\"og:description\" content=\"&#013; &#013; El presente documento tiene por objeto informar a la persona f\u00edsica (en lo sucesivo,\u201cTitularde los datos\u201d) sobre el tratamiento de sus datos personales (en lo sucesivo,\u201cDatos personales\u201d) recogidos por el responsable del tratamiento, Larin srl, con domicilio social en via della rivetta 32B, 32100 Belluno, CF\/Partita IVA 01144900253, n\u00famero de IVA IT 01144900253, [&hellip;]\" \/>\n<meta property=\"og:url\" content=\"https:\/\/amuseapp.art\/es\/politica-de-privacidad-amuseapp\/\" \/>\n<meta property=\"og:site_name\" content=\"amuseapp\" \/>\n<meta property=\"article:publisher\" content=\"https:\/\/www.facebook.com\/amuseappsensi\/\" \/>\n<meta property=\"article:modified_time\" content=\"2025-06-11T09:24:53+00:00\" \/>\n<meta property=\"og:image\" content=\"https:\/\/amuseapp.art\/wp-content\/uploads\/2024\/11\/preview.jpg\" \/>\n\t<meta property=\"og:image:width\" content=\"1920\" \/>\n\t<meta property=\"og:image:height\" content=\"1080\" \/>\n\t<meta property=\"og:image:type\" content=\"image\/jpeg\" \/>\n<meta name=\"twitter:card\" content=\"summary_large_image\" \/>\n<meta name=\"twitter:label1\" content=\"Tiempo de lectura\" \/>\n\t<meta name=\"twitter:data1\" content=\"9 minuto\" \/>\n<script type=\"application\/ld+json\" class=\"yoast-schema-graph\">{\"@context\":\"https:\\\/\\\/schema.org\",\"@graph\":[{\"@type\":\"WebPage\",\"@id\":\"https:\\\/\\\/amuseapp.art\\\/es\\\/politica-de-privacidad-amuseapp\\\/\",\"url\":\"https:\\\/\\\/amuseapp.art\\\/es\\\/politica-de-privacidad-amuseapp\\\/\",\"name\":\"Pol\u00edtica de privacidad Amuseapp - amuseapp\",\"isPartOf\":{\"@id\":\"https:\\\/\\\/amuseapp.art\\\/#website\"},\"datePublished\":\"2025-06-11T09:24:47+00:00\",\"dateModified\":\"2025-06-11T09:24:53+00:00\",\"breadcrumb\":{\"@id\":\"https:\\\/\\\/amuseapp.art\\\/es\\\/politica-de-privacidad-amuseapp\\\/#breadcrumb\"},\"inLanguage\":\"es\",\"potentialAction\":[{\"@type\":\"ReadAction\",\"target\":[\"https:\\\/\\\/amuseapp.art\\\/es\\\/politica-de-privacidad-amuseapp\\\/\"]}]},{\"@type\":\"BreadcrumbList\",\"@id\":\"https:\\\/\\\/amuseapp.art\\\/es\\\/politica-de-privacidad-amuseapp\\\/#breadcrumb\",\"itemListElement\":[{\"@type\":\"ListItem\",\"position\":1,\"name\":\"Home\",\"item\":\"https:\\\/\\\/amuseapp.art\\\/en\\\/\"},{\"@type\":\"ListItem\",\"position\":2,\"name\":\"Pol\u00edtica de privacidad Amuseapp\"}]},{\"@type\":\"WebSite\",\"@id\":\"https:\\\/\\\/amuseapp.art\\\/#website\",\"url\":\"https:\\\/\\\/amuseapp.art\\\/\",\"name\":\"amuseapp\",\"description\":\"More than just an audioguide\",\"publisher\":{\"@id\":\"https:\\\/\\\/amuseapp.art\\\/#organization\"},\"potentialAction\":[{\"@type\":\"SearchAction\",\"target\":{\"@type\":\"EntryPoint\",\"urlTemplate\":\"https:\\\/\\\/amuseapp.art\\\/?s={search_term_string}\"},\"query-input\":{\"@type\":\"PropertyValueSpecification\",\"valueRequired\":true,\"valueName\":\"search_term_string\"}}],\"inLanguage\":\"es\"},{\"@type\":\"Organization\",\"@id\":\"https:\\\/\\\/amuseapp.art\\\/#organization\",\"name\":\"Amuse\",\"url\":\"https:\\\/\\\/amuseapp.art\\\/\",\"logo\":{\"@type\":\"ImageObject\",\"inLanguage\":\"es\",\"@id\":\"https:\\\/\\\/amuseapp.art\\\/#\\\/schema\\\/logo\\\/image\\\/\",\"url\":\"https:\\\/\\\/amuseapp.art\\\/wp-content\\\/uploads\\\/2021\\\/03\\\/metodo-amuse-logo.svg\",\"contentUrl\":\"https:\\\/\\\/amuseapp.art\\\/wp-content\\\/uploads\\\/2021\\\/03\\\/metodo-amuse-logo.svg\",\"width\":357,\"height\":47,\"caption\":\"Amuse\"},\"image\":{\"@id\":\"https:\\\/\\\/amuseapp.art\\\/#\\\/schema\\\/logo\\\/image\\\/\"},\"sameAs\":[\"https:\\\/\\\/www.facebook.com\\\/amuseappsensi\\\/\"]}]}<\/script>\n<!-- \/ Yoast SEO plugin. -->","yoast_head_json":{"title":"Pol\u00edtica de privacidad Amuseapp - amuseapp","robots":{"index":"index","follow":"follow","max-snippet":"max-snippet:-1","max-image-preview":"max-image-preview:large","max-video-preview":"max-video-preview:-1"},"canonical":"https:\/\/amuseapp.art\/es\/politica-de-privacidad-amuseapp\/","og_locale":"es_ES","og_type":"article","og_title":"Pol\u00edtica de privacidad Amuseapp - amuseapp","og_description":"&#13; &#13; El presente documento tiene por objeto informar a la persona f\u00edsica (en lo sucesivo,\u201cTitularde los datos\u201d) sobre el tratamiento de sus datos personales (en lo sucesivo,\u201cDatos personales\u201d) recogidos por el responsable del tratamiento, Larin srl, con domicilio social en via della rivetta 32B, 32100 Belluno, CF\/Partita IVA 01144900253, n\u00famero de IVA IT 01144900253, [&hellip;]","og_url":"https:\/\/amuseapp.art\/es\/politica-de-privacidad-amuseapp\/","og_site_name":"amuseapp","article_publisher":"https:\/\/www.facebook.com\/amuseappsensi\/","article_modified_time":"2025-06-11T09:24:53+00:00","og_image":[{"width":1920,"height":1080,"url":"https:\/\/amuseapp.art\/wp-content\/uploads\/2024\/11\/preview.jpg","type":"image\/jpeg"}],"twitter_card":"summary_large_image","twitter_misc":{"Tiempo de lectura":"9 minuto"},"schema":{"@context":"https:\/\/schema.org","@graph":[{"@type":"WebPage","@id":"https:\/\/amuseapp.art\/es\/politica-de-privacidad-amuseapp\/","url":"https:\/\/amuseapp.art\/es\/politica-de-privacidad-amuseapp\/","name":"Pol\u00edtica de privacidad Amuseapp - amuseapp","isPartOf":{"@id":"https:\/\/amuseapp.art\/#website"},"datePublished":"2025-06-11T09:24:47+00:00","dateModified":"2025-06-11T09:24:53+00:00","breadcrumb":{"@id":"https:\/\/amuseapp.art\/es\/politica-de-privacidad-amuseapp\/#breadcrumb"},"inLanguage":"es","potentialAction":[{"@type":"ReadAction","target":["https:\/\/amuseapp.art\/es\/politica-de-privacidad-amuseapp\/"]}]},{"@type":"BreadcrumbList","@id":"https:\/\/amuseapp.art\/es\/politica-de-privacidad-amuseapp\/#breadcrumb","itemListElement":[{"@type":"ListItem","position":1,"name":"Home","item":"https:\/\/amuseapp.art\/en\/"},{"@type":"ListItem","position":2,"name":"Pol\u00edtica de privacidad Amuseapp"}]},{"@type":"WebSite","@id":"https:\/\/amuseapp.art\/#website","url":"https:\/\/amuseapp.art\/","name":"amuseapp","description":"More than just an audioguide","publisher":{"@id":"https:\/\/amuseapp.art\/#organization"},"potentialAction":[{"@type":"SearchAction","target":{"@type":"EntryPoint","urlTemplate":"https:\/\/amuseapp.art\/?s={search_term_string}"},"query-input":{"@type":"PropertyValueSpecification","valueRequired":true,"valueName":"search_term_string"}}],"inLanguage":"es"},{"@type":"Organization","@id":"https:\/\/amuseapp.art\/#organization","name":"Amuse","url":"https:\/\/amuseapp.art\/","logo":{"@type":"ImageObject","inLanguage":"es","@id":"https:\/\/amuseapp.art\/#\/schema\/logo\/image\/","url":"https:\/\/amuseapp.art\/wp-content\/uploads\/2021\/03\/metodo-amuse-logo.svg","contentUrl":"https:\/\/amuseapp.art\/wp-content\/uploads\/2021\/03\/metodo-amuse-logo.svg","width":357,"height":47,"caption":"Amuse"},"image":{"@id":"https:\/\/amuseapp.art\/#\/schema\/logo\/image\/"},"sameAs":["https:\/\/www.facebook.com\/amuseappsensi\/"]}]}},"_links":{"self":[{"href":"https:\/\/amuseapp.art\/es\/wp-json\/wp\/v2\/pages\/303315","targetHints":{"allow":["GET"]}}],"collection":[{"href":"https:\/\/amuseapp.art\/es\/wp-json\/wp\/v2\/pages"}],"about":[{"href":"https:\/\/amuseapp.art\/es\/wp-json\/wp\/v2\/types\/page"}],"author":[{"embeddable":true,"href":"https:\/\/amuseapp.art\/es\/wp-json\/wp\/v2\/users\/1"}],"replies":[{"embeddable":true,"href":"https:\/\/amuseapp.art\/es\/wp-json\/wp\/v2\/comments?post=303315"}],"version-history":[{"count":1,"href":"https:\/\/amuseapp.art\/es\/wp-json\/wp\/v2\/pages\/303315\/revisions"}],"predecessor-version":[{"id":303316,"href":"https:\/\/amuseapp.art\/es\/wp-json\/wp\/v2\/pages\/303315\/revisions\/303316"}],"wp:attachment":[{"href":"https:\/\/amuseapp.art\/es\/wp-json\/wp\/v2\/media?parent=303315"}],"curies":[{"name":"wp","href":"https:\/\/api.w.org\/{rel}","templated":true}]}}