{"id":302402,"date":"2025-06-11T10:14:59","date_gmt":"2025-06-11T08:14:59","guid":{"rendered":"https:\/\/amuseapp.art\/feder\/"},"modified":"2025-06-11T10:15:12","modified_gmt":"2025-06-11T08:15:12","slug":"feder","status":"publish","type":"page","link":"https:\/\/amuseapp.art\/es\/feder\/","title":{"rendered":"FEDER"},"content":{"rendered":"\t\t<div data-elementor-type=\"wp-page\" data-elementor-id=\"302402\" class=\"elementor elementor-302402 elementor-297119\" data-elementor-post-type=\"page\">\n\t\t\t\t<div class=\"elementor-element elementor-element-d397538 e-flex e-con-boxed e-con e-parent\" data-id=\"d397538\" data-element_type=\"container\" data-e-type=\"container\" data-settings=\"{&quot;jet_parallax_layout_list&quot;:[]}\">\n\t\t\t\t\t<div class=\"e-con-inner\">\n\t\t<div class=\"elementor-element elementor-element-c2f90cd e-con-full e-flex e-con e-child\" data-id=\"c2f90cd\" data-element_type=\"container\" data-e-type=\"container\" data-settings=\"{&quot;jet_parallax_layout_list&quot;:[]}\">\n\t\t\t\t<div class=\"elementor-element elementor-element-eeb5d3f elementor-widget elementor-widget-image\" data-id=\"eeb5d3f\" data-element_type=\"widget\" data-e-type=\"widget\" data-widget_type=\"image.default\">\n\t\t\t\t<div class=\"elementor-widget-container\">\n\t\t\t\t\t\t\t\t\t\t\t\t\t\t\t<img fetchpriority=\"high\" decoding=\"async\" width=\"1024\" height=\"140\" src=\"https:\/\/amuseapp.art\/wp-content\/uploads\/2024\/09\/Stringa-Coesione_UE_Repubblica_Regione-Veneto_VETTORIALE-scaled-1-1024x140.jpg\" class=\"attachment-large size-large wp-image-297120\" alt=\"\" srcset=\"https:\/\/amuseapp.art\/wp-content\/uploads\/2024\/09\/Stringa-Coesione_UE_Repubblica_Regione-Veneto_VETTORIALE-scaled-1-1024x140.jpg 1024w, https:\/\/amuseapp.art\/wp-content\/uploads\/2024\/09\/Stringa-Coesione_UE_Repubblica_Regione-Veneto_VETTORIALE-scaled-1-300x41.jpg 300w, https:\/\/amuseapp.art\/wp-content\/uploads\/2024\/09\/Stringa-Coesione_UE_Repubblica_Regione-Veneto_VETTORIALE-scaled-1-768x105.jpg 768w, https:\/\/amuseapp.art\/wp-content\/uploads\/2024\/09\/Stringa-Coesione_UE_Repubblica_Regione-Veneto_VETTORIALE-scaled-1-1536x209.jpg 1536w, https:\/\/amuseapp.art\/wp-content\/uploads\/2024\/09\/Stringa-Coesione_UE_Repubblica_Regione-Veneto_VETTORIALE-scaled-1-2048x279.jpg 2048w\" sizes=\"(max-width: 1024px) 100vw, 1024px\" \/>\t\t\t\t\t\t\t\t\t\t\t\t\t\t\t<\/div>\n\t\t\t\t<\/div>\n\t\t\t\t<\/div>\n\t\t\t\t\t<\/div>\n\t\t\t\t<\/div>\n\t\t\t\t<section class=\"elementor-section elementor-top-section elementor-element elementor-element-880521e elementor-section-boxed elementor-section-height-default elementor-section-height-default\" data-id=\"880521e\" data-element_type=\"section\" data-e-type=\"section\" data-settings=\"{&quot;jet_parallax_layout_list&quot;:[]}\">\n\t\t\t\t\t\t<div class=\"elementor-container elementor-column-gap-default\">\n\t\t\t\t\t<div class=\"elementor-column elementor-col-100 elementor-top-column elementor-element elementor-element-eece106\" data-id=\"eece106\" data-element_type=\"column\" data-e-type=\"column\">\n\t\t\t<div class=\"elementor-widget-wrap elementor-element-populated\">\n\t\t\t\t\t\t<div class=\"elementor-element elementor-element-aa35819 elementor-widget__width-auto elementor-widget elementor-widget-heading\" data-id=\"aa35819\" data-element_type=\"widget\" data-e-type=\"widget\" data-widget_type=\"heading.default\">\n\t\t\t\t<div class=\"elementor-widget-container\">\n\t\t\t\t\t<h1 class=\"elementor-heading-title elementor-size-default\">FEDER<\/h1>\t\t\t\t<\/div>\n\t\t\t\t<\/div>\n\t\t\t\t\t<\/div>\n\t\t<\/div>\n\t\t\t\t\t<\/div>\n\t\t<\/section>\n\t\t<div class=\"elementor-element elementor-element-02c0045 e-flex e-con-boxed e-con e-parent\" data-id=\"02c0045\" data-element_type=\"container\" data-e-type=\"container\" data-settings=\"{&quot;jet_parallax_layout_list&quot;:[]}\">\n\t\t\t\t\t<div class=\"e-con-inner\">\n\t\t<div class=\"elementor-element elementor-element-d8cc4e6 e-con-full e-flex e-con e-child\" data-id=\"d8cc4e6\" data-element_type=\"container\" data-e-type=\"container\" data-settings=\"{&quot;jet_parallax_layout_list&quot;:[]}\">\n\t\t\t\t<div class=\"elementor-element elementor-element-da9dd6f elementor-widget elementor-widget-heading\" data-id=\"da9dd6f\" data-element_type=\"widget\" data-e-type=\"widget\" data-widget_type=\"heading.default\">\n\t\t\t\t<div class=\"elementor-widget-container\">\n\t\t\t\t\t<h2 class=\"elementor-heading-title elementor-size-default\">Proyecto financiado con el FEDER del V\u00e9neto PR 2021 - 2027<\/h2>\t\t\t\t<\/div>\n\t\t\t\t<\/div>\n\t\t\t\t<div class=\"elementor-element elementor-element-3a42093 elementor-widget elementor-widget-heading\" data-id=\"3a42093\" data-element_type=\"widget\" data-e-type=\"widget\" data-widget_type=\"heading.default\">\n\t\t\t\t<div class=\"elementor-widget-container\">\n\t\t\t\t\t<h3 class=\"elementor-heading-title elementor-size-default\">Objetivo espec\u00edfico 1.3 \u201cReforzar el crecimiento sostenible y la competitividad de las PYME y la creaci\u00f3n de empleo en las PYME, incluso mediante inversiones productivas (FEDER)\u201d.<\/h3>\t\t\t\t<\/div>\n\t\t\t\t<\/div>\n\t\t\t\t<div class=\"elementor-element elementor-element-07e601c elementor-widget elementor-widget-heading\" data-id=\"07e601c\" data-element_type=\"widget\" data-e-type=\"widget\" data-widget_type=\"heading.default\">\n\t\t\t\t<div class=\"elementor-widget-container\">\n\t\t\t\t\t<h4 class=\"elementor-heading-title elementor-size-default\">Acci\u00f3n 1.3.11 Intervenciones de apoyo a las empresas culturales,\ncreativas y audiovisuales - Sub A \"Consolidaci\u00f3n de las empresas existentes\n<\/h4>\t\t\t\t<\/div>\n\t\t\t\t<\/div>\n\t\t\t\t<div class=\"elementor-element elementor-element-7922f08 elementor-widget elementor-widget-text-editor\" data-id=\"7922f08\" data-element_type=\"widget\" data-e-type=\"widget\" data-widget_type=\"text-editor.default\">\n\t\t\t\t<div class=\"elementor-widget-container\">\n\t\t\t\t\t\t\t\t\t<p>Proyecto \u201camuseapp: transformar la experiencia muse\u00edstica con soluciones digitales avanzadas e interactividad personalizada\u201d.<\/p><p>A trav\u00e9s de la contribuci\u00f3n recibida,  <span style=\"color: var( --e-global-color-52f5211b );\">amuseapp revolucion\u00f3 la experiencia muse\u00edstica integrando inteligencia artificial para personalizar la visita a trav\u00e9s de una intuitiva aplicaci\u00f3n m\u00f3vil. Al a\u00f1adir contenido multimedia y traducci\u00f3n en tiempo real, la plataforma permiti\u00f3 a los museos ofrecer una experiencia m\u00e1s rica e interactiva. El proyecto implic\u00f3 a una amplia gama de museos, mejorando el acceso y la participaci\u00f3n de los visitantes. Los resultados demostraron un aumento significativo de la satisfacci\u00f3n de los visitantes y de la eficacia operativa de los museos. amuseapp sigue ampliando su impacto, explorando nuevos mercados y mejorando su funcionalidad.    <\/span><\/p><p><b><span style=\"color: var( --e-global-color-52f5211b );\">Contribuci\u00f3n recibida: <\/span>135 734,08 euros<\/b><\/p>\t\t\t\t\t\t\t\t<\/div>\n\t\t\t\t<\/div>\n\t\t\t\t<div class=\"elementor-element elementor-element-6770d63 elementor-widget elementor-widget-image-gallery\" data-id=\"6770d63\" data-element_type=\"widget\" data-e-type=\"widget\" data-widget_type=\"image-gallery.default\">\n\t\t\t\t<div class=\"elementor-widget-container\">\n\t\t\t\t\t\t\t<div class=\"elementor-image-gallery\">\n\t\t\t<div id='gallery-1' class='gallery galleryid-302402 gallery-columns-5 gallery-size-thumbnail'><figure class='gallery-item'>\n\t\t\t<div class='gallery-icon landscape'>\n\t\t\t\t<a data-elementor-open-lightbox=\"yes\" data-elementor-lightbox-slideshow=\"6770d63\" data-elementor-lightbox-title=\"foto-per-siti-web-hga.png\" data-e-action-hash=\"#elementor-action%3Aaction%3Dlightbox%26settings%3DeyJpZCI6Mjk3MTIyLCJ1cmwiOiJodHRwczpcL1wvYW11c2VhcHAuYXJ0XC93cC1jb250ZW50XC91cGxvYWRzXC8yMDI0XC8wOVwvZm90by1wZXItc2l0aS13ZWItaGdhLnBuZyIsInNsaWRlc2hvdyI6IjY3NzBkNjMifQ%3D%3D\" href='https:\/\/amuseapp.art\/wp-content\/uploads\/2024\/09\/foto-per-siti-web-hga.png'><img decoding=\"async\" width=\"150\" height=\"150\" src=\"https:\/\/amuseapp.art\/wp-content\/uploads\/2024\/09\/foto-per-siti-web-hga-150x150.png\" class=\"attachment-thumbnail size-thumbnail\" alt=\"\" \/><\/a>\n\t\t\t<\/div><\/figure><figure class='gallery-item'>\n\t\t\t<div class='gallery-icon landscape'>\n\t\t\t\t<a data-elementor-open-lightbox=\"yes\" data-elementor-lightbox-slideshow=\"6770d63\" data-elementor-lightbox-title=\"Screenshot-2024-07-18-184918.png\" data-e-action-hash=\"#elementor-action%3Aaction%3Dlightbox%26settings%3DeyJpZCI6Mjk3MTI0LCJ1cmwiOiJodHRwczpcL1wvYW11c2VhcHAuYXJ0XC93cC1jb250ZW50XC91cGxvYWRzXC8yMDI0XC8wOVwvU2NyZWVuc2hvdC0yMDI0LTA3LTE4LTE4NDkxOC5wbmciLCJzbGlkZXNob3ciOiI2NzcwZDYzIn0%3D\" href='https:\/\/amuseapp.art\/wp-content\/uploads\/2024\/09\/Screenshot-2024-07-18-184918.png'><img decoding=\"async\" width=\"150\" height=\"150\" src=\"https:\/\/amuseapp.art\/wp-content\/uploads\/2024\/09\/Screenshot-2024-07-18-184918-150x150.png\" class=\"attachment-thumbnail size-thumbnail\" alt=\"\" \/><\/a>\n\t\t\t<\/div><\/figure><figure class='gallery-item'>\n\t\t\t<div class='gallery-icon portrait'>\n\t\t\t\t<a data-elementor-open-lightbox=\"yes\" data-elementor-lightbox-slideshow=\"6770d63\" data-elementor-lightbox-title=\"Nuova-home-2.png\" data-e-action-hash=\"#elementor-action%3Aaction%3Dlightbox%26settings%3DeyJpZCI6Mjk3MTI2LCJ1cmwiOiJodHRwczpcL1wvYW11c2VhcHAuYXJ0XC93cC1jb250ZW50XC91cGxvYWRzXC8yMDI0XC8wOVwvTnVvdmEtaG9tZS0yLnBuZyIsInNsaWRlc2hvdyI6IjY3NzBkNjMifQ%3D%3D\" href='https:\/\/amuseapp.art\/wp-content\/uploads\/2024\/09\/Nuova-home-2.png'><img loading=\"lazy\" decoding=\"async\" width=\"150\" height=\"150\" src=\"https:\/\/amuseapp.art\/wp-content\/uploads\/2024\/09\/Nuova-home-2-150x150.png\" class=\"attachment-thumbnail size-thumbnail\" alt=\"\" \/><\/a>\n\t\t\t<\/div><\/figure><figure class='gallery-item'>\n\t\t\t<div class='gallery-icon landscape'>\n\t\t\t\t<a data-elementor-open-lightbox=\"yes\" data-elementor-lightbox-slideshow=\"6770d63\" data-elementor-lightbox-title=\"iPhone-13-Pro-1.png\" data-e-action-hash=\"#elementor-action%3Aaction%3Dlightbox%26settings%3DeyJpZCI6Mjk3MTI4LCJ1cmwiOiJodHRwczpcL1wvYW11c2VhcHAuYXJ0XC93cC1jb250ZW50XC91cGxvYWRzXC8yMDI0XC8wOVwvaVBob25lLTEzLVByby0xLnBuZyIsInNsaWRlc2hvdyI6IjY3NzBkNjMifQ%3D%3D\" href='https:\/\/amuseapp.art\/wp-content\/uploads\/2024\/09\/iPhone-13-Pro-1.png'><img loading=\"lazy\" decoding=\"async\" width=\"150\" height=\"150\" src=\"https:\/\/amuseapp.art\/wp-content\/uploads\/2024\/09\/iPhone-13-Pro-1-150x150.png\" class=\"attachment-thumbnail size-thumbnail\" alt=\"\" \/><\/a>\n\t\t\t<\/div><\/figure><figure class='gallery-item'>\n\t\t\t<div class='gallery-icon portrait'>\n\t\t\t\t<a data-elementor-open-lightbox=\"yes\" data-elementor-lightbox-slideshow=\"6770d63\" data-elementor-lightbox-title=\"3.png\" data-e-action-hash=\"#elementor-action%3Aaction%3Dlightbox%26settings%3DeyJpZCI6Mjk3MTMwLCJ1cmwiOiJodHRwczpcL1wvYW11c2VhcHAuYXJ0XC93cC1jb250ZW50XC91cGxvYWRzXC8yMDI0XC8wOVwvMy5wbmciLCJzbGlkZXNob3ciOiI2NzcwZDYzIn0%3D\" href='https:\/\/amuseapp.art\/wp-content\/uploads\/2024\/09\/3.png'><img loading=\"lazy\" decoding=\"async\" width=\"150\" height=\"150\" src=\"https:\/\/amuseapp.art\/wp-content\/uploads\/2024\/09\/3-150x150.png\" class=\"attachment-thumbnail size-thumbnail\" alt=\"\" \/><\/a>\n\t\t\t<\/div><\/figure>\n\t\t<\/div>\n\t\t<\/div>\n\t\t\t\t\t\t<\/div>\n\t\t\t\t<\/div>\n\t\t\t\t<\/div>\n\t\t\t\t\t<\/div>\n\t\t\t\t<\/div>\n\t\t\t\t<\/div>\n\t\t","protected":false},"excerpt":{"rendered":"<p>FEDER Proyecto financiado con el FEDER del V\u00e9neto PR 2021 &#8211; 2027 Objetivo espec\u00edfico 1.3 \u201cReforzar el crecimiento sostenible y la competitividad de las PYME y la creaci\u00f3n de empleo en las PYME, incluso mediante inversiones productivas (FEDER)\u201d. Acci\u00f3n 1.3.11 Intervenciones de apoyo a las empresas culturales, creativas y audiovisuales &#8211; Sub A \u00abConsolidaci\u00f3n de [&hellip;]<\/p>\n","protected":false},"author":8,"featured_media":0,"parent":0,"menu_order":0,"comment_status":"closed","ping_status":"closed","template":"elementor_header_footer","meta":{"content-type":"","site-sidebar-layout":"no-sidebar","site-content-layout":"page-builder","ast-site-content-layout":"full-width-container","site-content-style":"unboxed","site-sidebar-style":"unboxed","ast-global-header-display":"","ast-banner-title-visibility":"","ast-main-header-display":"","ast-hfb-above-header-display":"","ast-hfb-below-header-display":"","ast-hfb-mobile-header-display":"","site-post-title":"disabled","ast-breadcrumbs-content":"","ast-featured-img":"disabled","footer-sml-layout":"","ast-disable-related-posts":"","theme-transparent-header-meta":"default","adv-header-id-meta":"","stick-header-meta":"","header-above-stick-meta":"","header-main-stick-meta":"","header-below-stick-meta":"","astra-migrate-meta-layouts":"default","ast-page-background-enabled":"default","ast-page-background-meta":{"desktop":{"background-color":"","background-image":"","background-repeat":"repeat","background-position":"center center","background-size":"auto","background-attachment":"scroll","background-type":"","background-media":"","overlay-type":"","overlay-color":"","overlay-opacity":"","overlay-gradient":""},"tablet":{"background-color":"","background-image":"","background-repeat":"repeat","background-position":"center center","background-size":"auto","background-attachment":"scroll","background-type":"","background-media":"","overlay-type":"","overlay-color":"","overlay-opacity":"","overlay-gradient":""},"mobile":{"background-color":"","background-image":"","background-repeat":"repeat","background-position":"center center","background-size":"auto","background-attachment":"scroll","background-type":"","background-media":"","overlay-type":"","overlay-color":"","overlay-opacity":"","overlay-gradient":""}},"ast-content-background-meta":{"desktop":{"background-color":"var(--ast-global-color-5)","background-image":"","background-repeat":"repeat","background-position":"center center","background-size":"auto","background-attachment":"scroll","background-type":"","background-media":"","overlay-type":"","overlay-color":"","overlay-opacity":"","overlay-gradient":""},"tablet":{"background-color":"var(--ast-global-color-5)","background-image":"","background-repeat":"repeat","background-position":"center center","background-size":"auto","background-attachment":"scroll","background-type":"","background-media":"","overlay-type":"","overlay-color":"","overlay-opacity":"","overlay-gradient":""},"mobile":{"background-color":"var(--ast-global-color-5)","background-image":"","background-repeat":"repeat","background-position":"center center","background-size":"auto","background-attachment":"scroll","background-type":"","background-media":"","overlay-type":"","overlay-color":"","overlay-opacity":"","overlay-gradient":""}},"footnotes":""},"class_list":["post-302402","page","type-page","status-publish","hentry"],"yoast_head":"<!-- This site is optimized with the Yoast SEO plugin v27.4 - https:\/\/yoast.com\/product\/yoast-seo-wordpress\/ -->\n<title>FEDER - amuseapp<\/title>\n<meta name=\"robots\" content=\"index, follow, max-snippet:-1, max-image-preview:large, max-video-preview:-1\" \/>\n<link rel=\"canonical\" href=\"https:\/\/amuseapp.art\/es\/feder\/\" \/>\n<meta property=\"og:locale\" content=\"es_ES\" \/>\n<meta property=\"og:type\" content=\"article\" \/>\n<meta property=\"og:title\" content=\"FEDER - amuseapp\" \/>\n<meta property=\"og:description\" content=\"FEDER Proyecto financiado con el FEDER del V\u00e9neto PR 2021 &#8211; 2027 Objetivo espec\u00edfico 1.3 \u201cReforzar el crecimiento sostenible y la competitividad de las PYME y la creaci\u00f3n de empleo en las PYME, incluso mediante inversiones productivas (FEDER)\u201d. Acci\u00f3n 1.3.11 Intervenciones de apoyo a las empresas culturales, creativas y audiovisuales &#8211; Sub A \u00abConsolidaci\u00f3n de [&hellip;]\" \/>\n<meta property=\"og:url\" content=\"https:\/\/amuseapp.art\/es\/feder\/\" \/>\n<meta property=\"og:site_name\" content=\"amuseapp\" \/>\n<meta property=\"article:publisher\" content=\"https:\/\/www.facebook.com\/amuseappsensi\/\" \/>\n<meta property=\"article:modified_time\" content=\"2025-06-11T08:15:12+00:00\" \/>\n<meta property=\"og:image\" content=\"https:\/\/amuseapp.art\/wp-content\/uploads\/2024\/09\/Stringa-Coesione_UE_Repubblica_Regione-Veneto_VETTORIALE-scaled-1.jpg\" \/>\n\t<meta property=\"og:image:width\" content=\"2560\" \/>\n\t<meta property=\"og:image:height\" content=\"349\" \/>\n\t<meta property=\"og:image:type\" content=\"image\/jpeg\" \/>\n<meta name=\"twitter:card\" content=\"summary_large_image\" \/>\n<meta name=\"twitter:label1\" content=\"Tiempo de lectura\" \/>\n\t<meta name=\"twitter:data1\" content=\"1 minuto\" \/>\n<script type=\"application\/ld+json\" class=\"yoast-schema-graph\">{\"@context\":\"https:\\\/\\\/schema.org\",\"@graph\":[{\"@type\":\"WebPage\",\"@id\":\"https:\\\/\\\/amuseapp.art\\\/es\\\/feder\\\/\",\"url\":\"https:\\\/\\\/amuseapp.art\\\/es\\\/feder\\\/\",\"name\":\"FEDER - amuseapp\",\"isPartOf\":{\"@id\":\"https:\\\/\\\/amuseapp.art\\\/#website\"},\"primaryImageOfPage\":{\"@id\":\"https:\\\/\\\/amuseapp.art\\\/es\\\/feder\\\/#primaryimage\"},\"image\":{\"@id\":\"https:\\\/\\\/amuseapp.art\\\/es\\\/feder\\\/#primaryimage\"},\"thumbnailUrl\":\"https:\\\/\\\/amuseapp.art\\\/wp-content\\\/uploads\\\/2024\\\/09\\\/Stringa-Coesione_UE_Repubblica_Regione-Veneto_VETTORIALE-scaled-1-1024x140.jpg\",\"datePublished\":\"2025-06-11T08:14:59+00:00\",\"dateModified\":\"2025-06-11T08:15:12+00:00\",\"breadcrumb\":{\"@id\":\"https:\\\/\\\/amuseapp.art\\\/es\\\/feder\\\/#breadcrumb\"},\"inLanguage\":\"es\",\"potentialAction\":[{\"@type\":\"ReadAction\",\"target\":[\"https:\\\/\\\/amuseapp.art\\\/es\\\/feder\\\/\"]}]},{\"@type\":\"ImageObject\",\"inLanguage\":\"es\",\"@id\":\"https:\\\/\\\/amuseapp.art\\\/es\\\/feder\\\/#primaryimage\",\"url\":\"https:\\\/\\\/amuseapp.art\\\/wp-content\\\/uploads\\\/2024\\\/09\\\/Stringa-Coesione_UE_Repubblica_Regione-Veneto_VETTORIALE-scaled-1-1024x140.jpg\",\"contentUrl\":\"https:\\\/\\\/amuseapp.art\\\/wp-content\\\/uploads\\\/2024\\\/09\\\/Stringa-Coesione_UE_Repubblica_Regione-Veneto_VETTORIALE-scaled-1-1024x140.jpg\"},{\"@type\":\"BreadcrumbList\",\"@id\":\"https:\\\/\\\/amuseapp.art\\\/es\\\/feder\\\/#breadcrumb\",\"itemListElement\":[{\"@type\":\"ListItem\",\"position\":1,\"name\":\"Home\",\"item\":\"https:\\\/\\\/amuseapp.art\\\/en\\\/\"},{\"@type\":\"ListItem\",\"position\":2,\"name\":\"FEDER\"}]},{\"@type\":\"WebSite\",\"@id\":\"https:\\\/\\\/amuseapp.art\\\/#website\",\"url\":\"https:\\\/\\\/amuseapp.art\\\/\",\"name\":\"amuseapp\",\"description\":\"More than just an audioguide\",\"publisher\":{\"@id\":\"https:\\\/\\\/amuseapp.art\\\/#organization\"},\"potentialAction\":[{\"@type\":\"SearchAction\",\"target\":{\"@type\":\"EntryPoint\",\"urlTemplate\":\"https:\\\/\\\/amuseapp.art\\\/?s={search_term_string}\"},\"query-input\":{\"@type\":\"PropertyValueSpecification\",\"valueRequired\":true,\"valueName\":\"search_term_string\"}}],\"inLanguage\":\"es\"},{\"@type\":\"Organization\",\"@id\":\"https:\\\/\\\/amuseapp.art\\\/#organization\",\"name\":\"Amuse\",\"url\":\"https:\\\/\\\/amuseapp.art\\\/\",\"logo\":{\"@type\":\"ImageObject\",\"inLanguage\":\"es\",\"@id\":\"https:\\\/\\\/amuseapp.art\\\/#\\\/schema\\\/logo\\\/image\\\/\",\"url\":\"https:\\\/\\\/amuseapp.art\\\/wp-content\\\/uploads\\\/2021\\\/03\\\/metodo-amuse-logo.svg\",\"contentUrl\":\"https:\\\/\\\/amuseapp.art\\\/wp-content\\\/uploads\\\/2021\\\/03\\\/metodo-amuse-logo.svg\",\"width\":357,\"height\":47,\"caption\":\"Amuse\"},\"image\":{\"@id\":\"https:\\\/\\\/amuseapp.art\\\/#\\\/schema\\\/logo\\\/image\\\/\"},\"sameAs\":[\"https:\\\/\\\/www.facebook.com\\\/amuseappsensi\\\/\"]}]}<\/script>\n<!-- \/ Yoast SEO plugin. -->","yoast_head_json":{"title":"FEDER - amuseapp","robots":{"index":"index","follow":"follow","max-snippet":"max-snippet:-1","max-image-preview":"max-image-preview:large","max-video-preview":"max-video-preview:-1"},"canonical":"https:\/\/amuseapp.art\/es\/feder\/","og_locale":"es_ES","og_type":"article","og_title":"FEDER - amuseapp","og_description":"FEDER Proyecto financiado con el FEDER del V\u00e9neto PR 2021 &#8211; 2027 Objetivo espec\u00edfico 1.3 \u201cReforzar el crecimiento sostenible y la competitividad de las PYME y la creaci\u00f3n de empleo en las PYME, incluso mediante inversiones productivas (FEDER)\u201d. Acci\u00f3n 1.3.11 Intervenciones de apoyo a las empresas culturales, creativas y audiovisuales &#8211; Sub A \u00abConsolidaci\u00f3n de [&hellip;]","og_url":"https:\/\/amuseapp.art\/es\/feder\/","og_site_name":"amuseapp","article_publisher":"https:\/\/www.facebook.com\/amuseappsensi\/","article_modified_time":"2025-06-11T08:15:12+00:00","og_image":[{"width":2560,"height":349,"url":"https:\/\/amuseapp.art\/wp-content\/uploads\/2024\/09\/Stringa-Coesione_UE_Repubblica_Regione-Veneto_VETTORIALE-scaled-1.jpg","type":"image\/jpeg"}],"twitter_card":"summary_large_image","twitter_misc":{"Tiempo de lectura":"1 minuto"},"schema":{"@context":"https:\/\/schema.org","@graph":[{"@type":"WebPage","@id":"https:\/\/amuseapp.art\/es\/feder\/","url":"https:\/\/amuseapp.art\/es\/feder\/","name":"FEDER - amuseapp","isPartOf":{"@id":"https:\/\/amuseapp.art\/#website"},"primaryImageOfPage":{"@id":"https:\/\/amuseapp.art\/es\/feder\/#primaryimage"},"image":{"@id":"https:\/\/amuseapp.art\/es\/feder\/#primaryimage"},"thumbnailUrl":"https:\/\/amuseapp.art\/wp-content\/uploads\/2024\/09\/Stringa-Coesione_UE_Repubblica_Regione-Veneto_VETTORIALE-scaled-1-1024x140.jpg","datePublished":"2025-06-11T08:14:59+00:00","dateModified":"2025-06-11T08:15:12+00:00","breadcrumb":{"@id":"https:\/\/amuseapp.art\/es\/feder\/#breadcrumb"},"inLanguage":"es","potentialAction":[{"@type":"ReadAction","target":["https:\/\/amuseapp.art\/es\/feder\/"]}]},{"@type":"ImageObject","inLanguage":"es","@id":"https:\/\/amuseapp.art\/es\/feder\/#primaryimage","url":"https:\/\/amuseapp.art\/wp-content\/uploads\/2024\/09\/Stringa-Coesione_UE_Repubblica_Regione-Veneto_VETTORIALE-scaled-1-1024x140.jpg","contentUrl":"https:\/\/amuseapp.art\/wp-content\/uploads\/2024\/09\/Stringa-Coesione_UE_Repubblica_Regione-Veneto_VETTORIALE-scaled-1-1024x140.jpg"},{"@type":"BreadcrumbList","@id":"https:\/\/amuseapp.art\/es\/feder\/#breadcrumb","itemListElement":[{"@type":"ListItem","position":1,"name":"Home","item":"https:\/\/amuseapp.art\/en\/"},{"@type":"ListItem","position":2,"name":"FEDER"}]},{"@type":"WebSite","@id":"https:\/\/amuseapp.art\/#website","url":"https:\/\/amuseapp.art\/","name":"amuseapp","description":"More than just an audioguide","publisher":{"@id":"https:\/\/amuseapp.art\/#organization"},"potentialAction":[{"@type":"SearchAction","target":{"@type":"EntryPoint","urlTemplate":"https:\/\/amuseapp.art\/?s={search_term_string}"},"query-input":{"@type":"PropertyValueSpecification","valueRequired":true,"valueName":"search_term_string"}}],"inLanguage":"es"},{"@type":"Organization","@id":"https:\/\/amuseapp.art\/#organization","name":"Amuse","url":"https:\/\/amuseapp.art\/","logo":{"@type":"ImageObject","inLanguage":"es","@id":"https:\/\/amuseapp.art\/#\/schema\/logo\/image\/","url":"https:\/\/amuseapp.art\/wp-content\/uploads\/2021\/03\/metodo-amuse-logo.svg","contentUrl":"https:\/\/amuseapp.art\/wp-content\/uploads\/2021\/03\/metodo-amuse-logo.svg","width":357,"height":47,"caption":"Amuse"},"image":{"@id":"https:\/\/amuseapp.art\/#\/schema\/logo\/image\/"},"sameAs":["https:\/\/www.facebook.com\/amuseappsensi\/"]}]}},"_links":{"self":[{"href":"https:\/\/amuseapp.art\/es\/wp-json\/wp\/v2\/pages\/302402","targetHints":{"allow":["GET"]}}],"collection":[{"href":"https:\/\/amuseapp.art\/es\/wp-json\/wp\/v2\/pages"}],"about":[{"href":"https:\/\/amuseapp.art\/es\/wp-json\/wp\/v2\/types\/page"}],"author":[{"embeddable":true,"href":"https:\/\/amuseapp.art\/es\/wp-json\/wp\/v2\/users\/8"}],"replies":[{"embeddable":true,"href":"https:\/\/amuseapp.art\/es\/wp-json\/wp\/v2\/comments?post=302402"}],"version-history":[{"count":1,"href":"https:\/\/amuseapp.art\/es\/wp-json\/wp\/v2\/pages\/302402\/revisions"}],"predecessor-version":[{"id":302403,"href":"https:\/\/amuseapp.art\/es\/wp-json\/wp\/v2\/pages\/302402\/revisions\/302403"}],"wp:attachment":[{"href":"https:\/\/amuseapp.art\/es\/wp-json\/wp\/v2\/media?parent=302402"}],"curies":[{"name":"wp","href":"https:\/\/api.w.org\/{rel}","templated":true}]}}