{"id":302871,"date":"2025-06-11T10:36:32","date_gmt":"2025-06-11T08:36:32","guid":{"rendered":"https:\/\/amuseapp.art\/datenschutzrichtlinie-amuseapp\/"},"modified":"2025-06-11T10:36:35","modified_gmt":"2025-06-11T08:36:35","slug":"datenschutzrichtlinie-amuseapp","status":"publish","type":"page","link":"https:\/\/amuseapp.art\/de\/datenschutzrichtlinie-amuseapp\/","title":{"rendered":"Datenschutzrichtlinie Amuseapp"},"content":{"rendered":"&#13;\n<div>&#13;\n<p>Zweck dieses Dokuments ist es, die Person (im Folgenden<strong>\u201ebetroffene Person<\/strong>\u201c) \u00fcber die Verarbeitung ihrer personenbezogenen Daten (im Folgenden<strong>\u201epersonenbezogene Daten<\/strong>\u201c) zu informieren, die von dem f\u00fcr die Datenverarbeitung Verantwortlichen, Larin srl, mit Sitz in Via della Rivetta 32B, 32100 Belluno, CF\/Partita IVA 01144900253, MwSt.-Nummer IT 01144900253, E-Mail-Adresse assistenza@larin.it, (im Folgenden<strong>\u201ef\u00fcr die Datenverarbeitung Verantwortlicher<\/strong>\u201c), \u00fcber und AmuseApp (im Folgenden<strong>\u201eAnwendung<\/strong>\u201c) erhoben werden.<\/p>&#13;\n<p>\u00c4nderungen und Aktualisierungen sind verbindlich, sobald sie in der Anwendung ver\u00f6ffentlicht werden. Wenn Sie mit den \u00c4nderungen der Datenschutzrichtlinie nicht einverstanden sind, m\u00fcssen Sie die Nutzung dieser Anwendung einstellen und k\u00f6nnen den f\u00fcr die Datenverarbeitung Verantwortlichen auffordern, Ihre pers\u00f6nlichen Daten zu l\u00f6schen. <\/p>&#13;\n<\/div>&#13;\n<ol>&#13;\n<li>&#13;\n<h4>Categorie di Dati Personali trattati<\/h4>&#13;\n<p>Der f\u00fcr die Verarbeitung Verantwortliche verarbeitet die folgenden Arten von personenbezogenen Daten, die von der betroffenen Person freiwillig zur Verf\u00fcgung gestellt werden:<\/p>&#13;\n<ul>&#13;\n<li><strong>Dati di contatto<\/strong>: nome, cognome, indirizzo, e-mail, telefono, immagini, credenziali di autenticazione, eventuali ulteriori informazioni inviate dall&#8217;Interessato, etc.<\/li>&#13;\n<li><strong>Dati fiscali e di pagamento<\/strong>: codice fiscale, partita IVA, dati della carta di credito, estremi del conto corrente bancario, etc.<\/li>&#13;\n<li><strong>Dati relativi al rapporto di lavoro<\/strong>: dati inseriti nel curriculum vitae, dati relativi al coniuge o ai figli, dati previdenziali, etc.<\/li>&#13;\n<\/ul>&#13;\n<p>Der f\u00fcr die Verarbeitung Verantwortliche verarbeitet die folgenden Arten von personenbezogenen Daten, die auf automatisierte Weise erhoben wurden:<\/p>&#13;\n<ul>&#13;\n<li><strong>Dati tecnici<\/strong>: Dati Personali prodotti dai dispositivi, dalle applicazioni, dagli strumenti e dai protocolli utilizzati, quali ad esempio, informazioni sul dispositivo utilizzato, indirizzi IP, tipo di browser, tipo di provider Internet (ISP). Tali Dati Personali possono lasciare tracce che, in particolare se combinate con identificativi univoci e altre informazioni ricevute dai server, possono essere utilizzate per creare profili delle persone fisiche<\/li>&#13;\n<li><strong>Dati di navigazione e di utilizzo dell\u2019Applicazione<\/strong>: quali, ad esempio, pagine visitate, numero di clic, azioni compiute, durata delle sessioni, etc.<\/li>&#13;\n<\/ul>&#13;\n<p>Das Vers\u00e4umnis der betroffenen Person, personenbezogene Daten bereitzustellen, f\u00fcr die eine gesetzliche oder vertragliche Verpflichtung besteht oder die f\u00fcr den Abschluss eines Vertrags mit dem f\u00fcr die Verarbeitung Verantwortlichen erforderlich sind, f\u00fchrt dazu, dass der f\u00fcr die Verarbeitung Verantwortliche die Beziehung mit der betroffenen Person nicht herstellen oder fortsetzen kann.<\/p>&#13;\n<p>Die betroffene Person, die dem f\u00fcr die Verarbeitung Verantwortlichen personenbezogene Daten Dritter mitteilt, ist direkt und ausschlie\u00dflich f\u00fcr deren Herkunft, Erhebung, Verarbeitung, \u00dcbermittlung oder Weitergabe verantwortlich.<\/p>&#13;\n<\/li>&#13;\n<li>&#13;\n<h4>Cookie e tecnologie simili<\/h4>&#13;\n<p>Die Anwendung verwendet Cookies, Web Beacons, eindeutige Kennungen und andere \u00e4hnliche Technologien, um pers\u00f6nliche Daten der betroffenen Person \u00fcber die Seiten, die besuchten Links und andere Aktionen zu sammeln, die die betroffene Person bei der Nutzung der Anwendung durchf\u00fchrt. Sie werden gespeichert und beim n\u00e4chsten Besuch des Nutzers in der Anwendung \u00fcbertragen. Die vollst\u00e4ndige Cookie-Richtlinie kann unter der folgenden Adresse eingesehen werden: ____________________  <\/p>&#13;\n<\/li>&#13;\n<li>&#13;\n<h4>Base giuridica e finalit\u00e0 del trattamento<\/h4>&#13;\n<p>Die Verarbeitung der personenbezogenen Daten ist notwendig:<\/p>&#13;\n<ol type=\"a\">&#13;\n<li>per l&#8217;esecuzione del contratto con l\u2019Interessato e precisamente:&#13;\n<ol>&#13;\n<li><strong>adempimento di ogni obbligo derivante dal rapporto precontrattuale o contrattuale con l\u2019Interessato<\/strong><\/li>&#13;\n<li><strong>registrazione e autenticazione dell\u2019Interessato:<\/strong>\u00a0per consentire all\u2019Interessato di registrarsi sull\u2019Applicazione, accedere e essere identificato anche tramite piattaforme esterne<\/li>&#13;\n<li><strong>supporto e contatto con l\u2019Interessato<\/strong>: per rispondere alle richieste dell\u2019Interessato<\/li>&#13;\n<li><strong>gestione dei pagamenti<\/strong>: per gestire i pagamenti tramite carta di credito, bonifico bancario o altri strumenti<\/li>&#13;\n<\/ol>&#13;\n<\/li>&#13;\n<li>per obbligo di legge e precisamente:&#13;\n<ol>&#13;\n<li><strong>l\u2019adempimento di qualunque obbligo previsto dalle vigenti normative<\/strong>, leggi e regolamenti, in particolare, in materia tributaria e fiscale<\/li>&#13;\n<\/ol>&#13;\n<\/li>&#13;\n<li>sulla base del legittimo interesse del Titolare, per:&#13;\n<ol>&#13;\n<li><strong>finalit\u00e0 di marketing via email di prodotti e\/o servizi del titolare<\/strong>\u00a0per vendere direttamente i prodotti o servizi del Titolare utilizzando l\u2019e-mail fornita dall\u2019Interessato nel contesto della vendita di un prodotto o servizio analogo a quello oggetto della vendita<\/li>&#13;\n<li><strong>gestione, ottimizzazione e monitoraggio dell\u2019infrastruttura tecnica<\/strong>: per identificare e risolvere eventuali problemi tecnici, per migliorare le performance dell\u2019Applicazione, per gestire e organizzare le informazioni in un sistema informatico (es. server, database, etc.)<\/li>&#13;\n<li><strong>sicurezza e antifrode<\/strong>: per garantire la sicurezza del patrimonio, delle infrastrutture e delle reti del Titolare<\/li>&#13;\n<li><strong>statistica con dati anonimi<\/strong>: per effettuare analisi statistiche su dati aggregati e anonimi per analizzare i comportamenti dell\u2019Interessato, per migliorare i prodotti e\/o i servizi forniti dal Titolare e meglio soddisfare le aspettative dell\u2019Interessato<\/li>&#13;\n<\/ol>&#13;\n<\/li>&#13;\n<li>sulla base del consenso dell\u2019Interessato, per:&#13;\n<ol>&#13;\n<li><strong>profilazione dell\u2019Interessato per fini di marketing<\/strong>: per fornire all\u2019Interessato informazioni sui prodotti e\/o servizi del Titolare attraverso un trattamento automatizzato finalizzato alla raccolta di informazioni personali con lo scopo di prevedere o valutare le sue preferenze o comportamenti<\/li>&#13;\n<li><strong>retargeting e remarketing<\/strong>: per raggiungere con un annuncio pubblicitario personalizzato l\u2019Interessato che ha gi\u00e0 visitato o ha dimostrato interesse per i prodotti e\/o servizi offerti dall&#8217;Applicazione utilizzando i suoi Dati Personali. L&#8217;Interessato pu\u00f2 effettuare l\u2019opt-out visitando la pagina della\u00a0<a href=\"https:\/\/optout.networkadvertising.org\/?c=1\">Network Advertising Initiative<\/a><\/li>&#13;\n<li><strong>finalit\u00e0 di marketing di prodotti e\/o servizi del Titolare<\/strong>: per inviare informazioni o materiali commerciali e\/o promozionali, per effettuare attivit\u00e0 di vendita diretta di prodotti e\/o servizi del Titolare o per compiere ricerche di mercato con modalit\u00e0 automatizzate e tradizionali<\/li>&#13;\n<li><strong>finalit\u00e0 di marketing di prodotti e\/o servizi di terzi<\/strong>: per inviare informazioni o materiali commerciali e\/o promozionali di terzi, per effettuare attivit\u00e0 di vendita diretta o per compiere ricerche di mercato dei loro prodotti e\/o servizi con modalit\u00e0 automatizzate e tradizionali<\/li>&#13;\n<li><strong>comunicazione dei Dati Personali per finalit\u00e0 di marketing di terzi<\/strong>: per comunicare a terzi che operano nel settore marketing and advertising i Dati Personali affinch\u00e9 li utilizzino per inviare loro informazioni o materiali commerciali e\/o promozionali o per effettuare attivit\u00e0 di vendita diretta dei loro prodotti e\/o servizi o per compiere ricerche di mercato con modalit\u00e0 automatizzate e tradizionali<\/li>&#13;\n<li><strong>rilevazione della posizione esatta dell\u2019Interessato<\/strong>: per rilevare la presenza dell&#8217;Interessato, per controllare gli accessi, gli orari e la presenza dell&#8217;Interessato in un determinato luogo, etc.<\/li>&#13;\n<\/ol>&#13;\n<\/li>&#13;\n<\/ol>&#13;\n<p>Auf der Grundlage des berechtigten Interesses des f\u00fcr die Verarbeitung Verantwortlichen erm\u00f6glicht die Anwendung Interaktionen mit externen Plattformen oder sozialen Netzwerken, deren Verarbeitung personenbezogener Daten durch ihre jeweiligen Datenschutzrichtlinien geregelt wird, die Sie bitte einsehen. Die Interaktionen und Informationen, die durch diese Anwendung erfasst werden, unterliegen in jedem Fall den Datenschutzeinstellungen, die die betroffene Person auf diesen Plattformen oder sozialen Netzwerken gew\u00e4hlt hat. Diese Informationen werden &#8211; sofern keine ausdr\u00fcckliche Zustimmung zur Verarbeitung f\u00fcr weitere Zwecke vorliegt &#8211; ausschlie\u00dflich zu dem Zweck verwendet, die Nutzung der Anwendung zu erm\u00f6glichen und die angeforderten Informationen und Dienste bereitzustellen.  <\/p>&#13;\n<p>Die personenbezogenen Daten der betroffenen Person k\u00f6nnen von dem f\u00fcr die Datenverarbeitung Verantwortlichen auch dazu verwendet werden, sich vor den zust\u00e4ndigen Gerichten zu sch\u00fctzen.<\/p>&#13;\n<\/li>&#13;\n<li>&#13;\n<h4>Modalit\u00e0 di trattamento e destinatari dei Dati Personali<\/h4>&#13;\n<p>\u00a0<\/p>&#13;\n<p>Die Verarbeitung personenbezogener Daten erfolgt mittels papiergest\u00fctzter und computergest\u00fctzter Instrumente mit organisatorischen Methoden und Logiken, die sich streng an den angegebenen Zwecken orientieren, sowie durch die Anwendung geeigneter Sicherheitsma\u00dfnahmen.<\/p>&#13;\n<p>Personenbezogene Daten werden ausschlie\u00dflich verarbeitet von:<\/p>&#13;\n<ul>&#13;\n<li>persone autorizzate dal Titolare del trattamento dei Dati Personali che si sono impegnate alla riservatezza o abbiano un adeguato obbligo legale di riservatezza;<\/li>&#13;\n<li>soggetti che operano in autonomia come distinti titolari del trattamento o da soggetti designati quali responsabili del trattamento dal Titolare al fine di svolgere tutte le attivit\u00e0 di trattamento necessarie a perseguire le finalit\u00e0 di cui alla presente informativa (ad esempio, partner commerciali, consulenti, societ\u00e0 informatiche, fornitori di servizi, hosting provider);<\/li>&#13;\n<li>soggetti o enti a cui \u00e8 obbligatorio comunicare i Dati Personali per obbligo di legge o per ordine delle autorit\u00e0.<\/li>&#13;\n<\/ul>&#13;\n<p>\u00a0<\/p>&#13;\n<p>Die oben aufgef\u00fchrten Personen sind verpflichtet, angemessene Sicherheitsvorkehrungen zu treffen, um personenbezogene Daten zu sch\u00fctzen, und d\u00fcrfen nur auf personenbezogene Daten zugreifen, die zur Erf\u00fcllung der ihnen \u00fcbertragenen Aufgaben erforderlich sind.<\/p>&#13;\n<p>Pers\u00f6nliche Daten werden in keiner Weise wahllos weitergegeben.<\/p>&#13;\n<\/li>&#13;\n<li>&#13;\n<h4>Luogo<\/h4>&#13;\n<p>Falls erforderlich, k\u00f6nnen personenbezogene Daten an Stellen au\u00dferhalb des Europ\u00e4ischen Wirtschaftsraums (EWR) \u00fcbermittelt werden. Wenn personenbezogene Daten au\u00dferhalb des EWR \u00fcbertragen werden, ergreift der f\u00fcr die Verarbeitung Verantwortliche alle angemessenen und erforderlichen vertraglichen Ma\u00dfnahmen, um ein angemessenes Schutzniveau f\u00fcr personenbezogene Daten zu gew\u00e4hrleisten, einschlie\u00dflich u.a. Vereinbarungen auf der Grundlage der von der Europ\u00e4ischen Kommission genehmigten Standardvertragsklauseln f\u00fcr die \u00dcbermittlung von Daten au\u00dferhalb des EWR. Um Informationen \u00fcber die angenommenen spezifischen Garantien anzufordern, kann die betroffene Person den f\u00fcr die Verarbeitung Verantwortlichen unter der folgenden E-Mail-Adresse kontaktieren: assistenza@larin.it.  <\/p>&#13;\n<\/li>&#13;\n<li>&#13;\n<h4>Periodo di conservazione dei Dati Personali<\/h4>&#13;\n<p>Personenbezogene Daten werden so lange aufbewahrt, wie es f\u00fcr die Erf\u00fcllung der Zwecke, f\u00fcr die sie erhoben wurden, erforderlich ist, insbesondere:<\/p>&#13;\n<ul>&#13;\n<li>per finalit\u00e0 relative all\u2019esecuzione del contratto tra il Titolare e l\u2019Interessato, saranno conservati per tutta la durata del rapporto contrattuale e, dopo la cessazione, per il periodo di prescrizione ordinario pari a 10 anni. Nel caso di contenzioso giudiziale, per tutta la durata dello stesso, fino all\u2019esaurimento dei termini di esperibilit\u00e0 delle azioni di impugnazione<\/li>&#13;\n<li>per finalit\u00e0 relative al legittimo interesse del Titolare, saranno conservati fino al compimento di tale interesse<\/li>&#13;\n<li>per l\u2019adempimento di un obbligo di legge, per ordine di un\u2019autorit\u00e0 e per la tutela in giudizio, saranno conservati nel rispetto delle tempistiche previste da detti obblighi, normative e comunque sino al compimento del termine prescrizionale previsto dalle norme in vigore<\/li>&#13;\n<li>per finalit\u00e0 basate sul consenso dell\u2019Interessato, saranno conservati sino alla revoca del consenso. Per finalit\u00e0 di marketing per un periodo non superiore a 24 mesi.<\/li>&#13;\n<\/ul>&#13;\n<p>\u00a0<\/p>&#13;\n<p>Nach Ablauf der Aufbewahrungsfrist werden alle personenbezogenen Daten gel\u00f6scht oder in einer Form gespeichert, die eine Identifizierung der betroffenen Person nicht zul\u00e4sst.<\/p>&#13;\n<\/li>&#13;\n<li>&#13;\n<h4>Diritti dell\u2019Interessato<\/h4>&#13;\n<p>Betroffene Personen k\u00f6nnen bestimmte Rechte in Bezug auf die von dem f\u00fcr die Verarbeitung Verantwortlichen verarbeiteten personenbezogenen Daten aus\u00fcben. Insbesondere hat die betroffene Person das Recht auf: <\/p>&#13;\n<ul>&#13;\n<li>essere informato sul trattamento dei propri Dati Personali<\/li>&#13;\n<li>revocare il consenso in ogni momento<\/li>&#13;\n<li>limitare il trattamento dei propri Dati Personali<\/li>&#13;\n<li>opporsi al trattamento dei propri Dati Personali<\/li>&#13;\n<li>accedere ai propri Dati Personali<\/li>&#13;\n<li>verificare e chiedere la rettifica dei propri Dati Personali<\/li>&#13;\n<li>ottenere la limitazione del trattamento dei propri Dati Personali<\/li>&#13;\n<li>ottenere la cancellazione dei propri Dati Personali<\/li>&#13;\n<li>trasferire i propri Dati Personali ad altro titolare<\/li>&#13;\n<li>proporre reclamo all\u2019autorit\u00e0 di controllo della protezione dei propri Dati Personali e\/o agire in sede giudiziale.<\/li>&#13;\n<\/ul>&#13;\n<p>Um ihre Rechte auszu\u00fcben, k\u00f6nnen die betroffenen Personen eine Anfrage an die folgende E-Mail-Adresse assistenza@larin.it richten. Die Anfragen werden von dem f\u00fcr die Verarbeitung Verantwortlichen unverz\u00fcglich aufgegriffen und so schnell wie m\u00f6glich, in jedem Fall aber innerhalb von 30 Tagen, bearbeitet. <\/p>&#13;\n<\/li>&#13;\n<\/ol>&#13;\n<ol><\/ol><\/ol>\n<p><!-- \/wp:post-content --><\/p>\n","protected":false},"excerpt":{"rendered":"<p>&#13; &#13; Zweck dieses Dokuments ist es, die Person (im Folgenden\u201ebetroffene Person\u201c) \u00fcber die Verarbeitung ihrer personenbezogenen Daten (im Folgenden\u201epersonenbezogene Daten\u201c) zu informieren, die von dem f\u00fcr die Datenverarbeitung Verantwortlichen, Larin srl, mit Sitz in Via della Rivetta 32B, 32100 Belluno, CF\/Partita IVA 01144900253, MwSt.-Nummer IT 01144900253, E-Mail-Adresse assistenza@larin.it, (im Folgenden\u201ef\u00fcr die Datenverarbeitung Verantwortlicher\u201c), \u00fcber [&hellip;]<\/p>\n","protected":false},"author":1,"featured_media":0,"parent":0,"menu_order":0,"comment_status":"closed","ping_status":"closed","template":"","meta":{"content-type":"","site-sidebar-layout":"default","site-content-layout":"default","ast-site-content-layout":"default","site-content-style":"default","site-sidebar-style":"default","ast-global-header-display":"","ast-banner-title-visibility":"","ast-main-header-display":"","ast-hfb-above-header-display":"","ast-hfb-below-header-display":"","ast-hfb-mobile-header-display":"","site-post-title":"","ast-breadcrumbs-content":"","ast-featured-img":"","footer-sml-layout":"","ast-disable-related-posts":"","theme-transparent-header-meta":"default","adv-header-id-meta":"","stick-header-meta":"","header-above-stick-meta":"","header-main-stick-meta":"","header-below-stick-meta":"","astra-migrate-meta-layouts":"default","ast-page-background-enabled":"default","ast-page-background-meta":{"desktop":{"background-color":"","background-image":"","background-repeat":"repeat","background-position":"center center","background-size":"auto","background-attachment":"scroll","background-type":"","background-media":"","overlay-type":"","overlay-color":"","overlay-opacity":"","overlay-gradient":""},"tablet":{"background-color":"","background-image":"","background-repeat":"repeat","background-position":"center center","background-size":"auto","background-attachment":"scroll","background-type":"","background-media":"","overlay-type":"","overlay-color":"","overlay-opacity":"","overlay-gradient":""},"mobile":{"background-color":"","background-image":"","background-repeat":"repeat","background-position":"center center","background-size":"auto","background-attachment":"scroll","background-type":"","background-media":"","overlay-type":"","overlay-color":"","overlay-opacity":"","overlay-gradient":""}},"ast-content-background-meta":{"desktop":{"background-color":"var(--ast-global-color-5)","background-image":"","background-repeat":"repeat","background-position":"center center","background-size":"auto","background-attachment":"scroll","background-type":"","background-media":"","overlay-type":"","overlay-color":"","overlay-opacity":"","overlay-gradient":""},"tablet":{"background-color":"var(--ast-global-color-5)","background-image":"","background-repeat":"repeat","background-position":"center center","background-size":"auto","background-attachment":"scroll","background-type":"","background-media":"","overlay-type":"","overlay-color":"","overlay-opacity":"","overlay-gradient":""},"mobile":{"background-color":"var(--ast-global-color-5)","background-image":"","background-repeat":"repeat","background-position":"center center","background-size":"auto","background-attachment":"scroll","background-type":"","background-media":"","overlay-type":"","overlay-color":"","overlay-opacity":"","overlay-gradient":""}},"footnotes":""},"class_list":["post-302871","page","type-page","status-publish","hentry"],"yoast_head":"<!-- This site is optimized with the Yoast SEO plugin v27.4 - https:\/\/yoast.com\/product\/yoast-seo-wordpress\/ -->\n<title>Datenschutzrichtlinie Amuseapp - amuseapp<\/title>\n<meta name=\"robots\" content=\"index, follow, max-snippet:-1, max-image-preview:large, max-video-preview:-1\" \/>\n<link rel=\"canonical\" href=\"https:\/\/amuseapp.art\/de\/datenschutzrichtlinie-amuseapp\/\" \/>\n<meta property=\"og:locale\" content=\"de_DE\" \/>\n<meta property=\"og:type\" content=\"article\" \/>\n<meta property=\"og:title\" content=\"Datenschutzrichtlinie Amuseapp - amuseapp\" \/>\n<meta property=\"og:description\" content=\"&#013; &#013; Zweck dieses Dokuments ist es, die Person (im Folgenden\u201ebetroffene Person\u201c) \u00fcber die Verarbeitung ihrer personenbezogenen Daten (im Folgenden\u201epersonenbezogene Daten\u201c) zu informieren, die von dem f\u00fcr die Datenverarbeitung Verantwortlichen, Larin srl, mit Sitz in Via della Rivetta 32B, 32100 Belluno, CF\/Partita IVA 01144900253, MwSt.-Nummer IT 01144900253, E-Mail-Adresse assistenza@larin.it, (im Folgenden\u201ef\u00fcr die Datenverarbeitung Verantwortlicher\u201c), \u00fcber [&hellip;]\" \/>\n<meta property=\"og:url\" content=\"https:\/\/amuseapp.art\/de\/datenschutzrichtlinie-amuseapp\/\" \/>\n<meta property=\"og:site_name\" content=\"amuseapp\" \/>\n<meta property=\"article:publisher\" content=\"https:\/\/www.facebook.com\/amuseappsensi\/\" \/>\n<meta property=\"article:modified_time\" content=\"2025-06-11T08:36:35+00:00\" \/>\n<meta property=\"og:image\" content=\"https:\/\/amuseapp.art\/wp-content\/uploads\/2024\/11\/preview.jpg\" \/>\n\t<meta property=\"og:image:width\" content=\"1920\" \/>\n\t<meta property=\"og:image:height\" content=\"1080\" \/>\n\t<meta property=\"og:image:type\" content=\"image\/jpeg\" \/>\n<meta name=\"twitter:card\" content=\"summary_large_image\" \/>\n<meta name=\"twitter:label1\" content=\"Gesch\u00e4tzte Lesezeit\" \/>\n\t<meta name=\"twitter:data1\" content=\"9\u00a0Minute\" \/>\n<script type=\"application\/ld+json\" class=\"yoast-schema-graph\">{\"@context\":\"https:\\\/\\\/schema.org\",\"@graph\":[{\"@type\":\"WebPage\",\"@id\":\"https:\\\/\\\/amuseapp.art\\\/de\\\/datenschutzrichtlinie-amuseapp\\\/\",\"url\":\"https:\\\/\\\/amuseapp.art\\\/de\\\/datenschutzrichtlinie-amuseapp\\\/\",\"name\":\"Datenschutzrichtlinie Amuseapp - amuseapp\",\"isPartOf\":{\"@id\":\"https:\\\/\\\/amuseapp.art\\\/#website\"},\"datePublished\":\"2025-06-11T08:36:32+00:00\",\"dateModified\":\"2025-06-11T08:36:35+00:00\",\"breadcrumb\":{\"@id\":\"https:\\\/\\\/amuseapp.art\\\/de\\\/datenschutzrichtlinie-amuseapp\\\/#breadcrumb\"},\"inLanguage\":\"de\",\"potentialAction\":[{\"@type\":\"ReadAction\",\"target\":[\"https:\\\/\\\/amuseapp.art\\\/de\\\/datenschutzrichtlinie-amuseapp\\\/\"]}]},{\"@type\":\"BreadcrumbList\",\"@id\":\"https:\\\/\\\/amuseapp.art\\\/de\\\/datenschutzrichtlinie-amuseapp\\\/#breadcrumb\",\"itemListElement\":[{\"@type\":\"ListItem\",\"position\":1,\"name\":\"Home\",\"item\":\"https:\\\/\\\/amuseapp.art\\\/en\\\/\"},{\"@type\":\"ListItem\",\"position\":2,\"name\":\"Datenschutzrichtlinie Amuseapp\"}]},{\"@type\":\"WebSite\",\"@id\":\"https:\\\/\\\/amuseapp.art\\\/#website\",\"url\":\"https:\\\/\\\/amuseapp.art\\\/\",\"name\":\"amuseapp\",\"description\":\"More than just an audioguide\",\"publisher\":{\"@id\":\"https:\\\/\\\/amuseapp.art\\\/#organization\"},\"potentialAction\":[{\"@type\":\"SearchAction\",\"target\":{\"@type\":\"EntryPoint\",\"urlTemplate\":\"https:\\\/\\\/amuseapp.art\\\/?s={search_term_string}\"},\"query-input\":{\"@type\":\"PropertyValueSpecification\",\"valueRequired\":true,\"valueName\":\"search_term_string\"}}],\"inLanguage\":\"de\"},{\"@type\":\"Organization\",\"@id\":\"https:\\\/\\\/amuseapp.art\\\/#organization\",\"name\":\"Amuse\",\"url\":\"https:\\\/\\\/amuseapp.art\\\/\",\"logo\":{\"@type\":\"ImageObject\",\"inLanguage\":\"de\",\"@id\":\"https:\\\/\\\/amuseapp.art\\\/#\\\/schema\\\/logo\\\/image\\\/\",\"url\":\"https:\\\/\\\/amuseapp.art\\\/wp-content\\\/uploads\\\/2021\\\/03\\\/metodo-amuse-logo.svg\",\"contentUrl\":\"https:\\\/\\\/amuseapp.art\\\/wp-content\\\/uploads\\\/2021\\\/03\\\/metodo-amuse-logo.svg\",\"width\":357,\"height\":47,\"caption\":\"Amuse\"},\"image\":{\"@id\":\"https:\\\/\\\/amuseapp.art\\\/#\\\/schema\\\/logo\\\/image\\\/\"},\"sameAs\":[\"https:\\\/\\\/www.facebook.com\\\/amuseappsensi\\\/\"]}]}<\/script>\n<!-- \/ Yoast SEO plugin. -->","yoast_head_json":{"title":"Datenschutzrichtlinie Amuseapp - amuseapp","robots":{"index":"index","follow":"follow","max-snippet":"max-snippet:-1","max-image-preview":"max-image-preview:large","max-video-preview":"max-video-preview:-1"},"canonical":"https:\/\/amuseapp.art\/de\/datenschutzrichtlinie-amuseapp\/","og_locale":"de_DE","og_type":"article","og_title":"Datenschutzrichtlinie Amuseapp - amuseapp","og_description":"&#13; &#13; Zweck dieses Dokuments ist es, die Person (im Folgenden\u201ebetroffene Person\u201c) \u00fcber die Verarbeitung ihrer personenbezogenen Daten (im Folgenden\u201epersonenbezogene Daten\u201c) zu informieren, die von dem f\u00fcr die Datenverarbeitung Verantwortlichen, Larin srl, mit Sitz in Via della Rivetta 32B, 32100 Belluno, CF\/Partita IVA 01144900253, MwSt.-Nummer IT 01144900253, E-Mail-Adresse assistenza@larin.it, (im Folgenden\u201ef\u00fcr die Datenverarbeitung Verantwortlicher\u201c), \u00fcber [&hellip;]","og_url":"https:\/\/amuseapp.art\/de\/datenschutzrichtlinie-amuseapp\/","og_site_name":"amuseapp","article_publisher":"https:\/\/www.facebook.com\/amuseappsensi\/","article_modified_time":"2025-06-11T08:36:35+00:00","og_image":[{"width":1920,"height":1080,"url":"https:\/\/amuseapp.art\/wp-content\/uploads\/2024\/11\/preview.jpg","type":"image\/jpeg"}],"twitter_card":"summary_large_image","twitter_misc":{"Gesch\u00e4tzte Lesezeit":"9\u00a0Minute"},"schema":{"@context":"https:\/\/schema.org","@graph":[{"@type":"WebPage","@id":"https:\/\/amuseapp.art\/de\/datenschutzrichtlinie-amuseapp\/","url":"https:\/\/amuseapp.art\/de\/datenschutzrichtlinie-amuseapp\/","name":"Datenschutzrichtlinie Amuseapp - amuseapp","isPartOf":{"@id":"https:\/\/amuseapp.art\/#website"},"datePublished":"2025-06-11T08:36:32+00:00","dateModified":"2025-06-11T08:36:35+00:00","breadcrumb":{"@id":"https:\/\/amuseapp.art\/de\/datenschutzrichtlinie-amuseapp\/#breadcrumb"},"inLanguage":"de","potentialAction":[{"@type":"ReadAction","target":["https:\/\/amuseapp.art\/de\/datenschutzrichtlinie-amuseapp\/"]}]},{"@type":"BreadcrumbList","@id":"https:\/\/amuseapp.art\/de\/datenschutzrichtlinie-amuseapp\/#breadcrumb","itemListElement":[{"@type":"ListItem","position":1,"name":"Home","item":"https:\/\/amuseapp.art\/en\/"},{"@type":"ListItem","position":2,"name":"Datenschutzrichtlinie Amuseapp"}]},{"@type":"WebSite","@id":"https:\/\/amuseapp.art\/#website","url":"https:\/\/amuseapp.art\/","name":"amuseapp","description":"More than just an audioguide","publisher":{"@id":"https:\/\/amuseapp.art\/#organization"},"potentialAction":[{"@type":"SearchAction","target":{"@type":"EntryPoint","urlTemplate":"https:\/\/amuseapp.art\/?s={search_term_string}"},"query-input":{"@type":"PropertyValueSpecification","valueRequired":true,"valueName":"search_term_string"}}],"inLanguage":"de"},{"@type":"Organization","@id":"https:\/\/amuseapp.art\/#organization","name":"Amuse","url":"https:\/\/amuseapp.art\/","logo":{"@type":"ImageObject","inLanguage":"de","@id":"https:\/\/amuseapp.art\/#\/schema\/logo\/image\/","url":"https:\/\/amuseapp.art\/wp-content\/uploads\/2021\/03\/metodo-amuse-logo.svg","contentUrl":"https:\/\/amuseapp.art\/wp-content\/uploads\/2021\/03\/metodo-amuse-logo.svg","width":357,"height":47,"caption":"Amuse"},"image":{"@id":"https:\/\/amuseapp.art\/#\/schema\/logo\/image\/"},"sameAs":["https:\/\/www.facebook.com\/amuseappsensi\/"]}]}},"_links":{"self":[{"href":"https:\/\/amuseapp.art\/de\/wp-json\/wp\/v2\/pages\/302871","targetHints":{"allow":["GET"]}}],"collection":[{"href":"https:\/\/amuseapp.art\/de\/wp-json\/wp\/v2\/pages"}],"about":[{"href":"https:\/\/amuseapp.art\/de\/wp-json\/wp\/v2\/types\/page"}],"author":[{"embeddable":true,"href":"https:\/\/amuseapp.art\/de\/wp-json\/wp\/v2\/users\/1"}],"replies":[{"embeddable":true,"href":"https:\/\/amuseapp.art\/de\/wp-json\/wp\/v2\/comments?post=302871"}],"version-history":[{"count":1,"href":"https:\/\/amuseapp.art\/de\/wp-json\/wp\/v2\/pages\/302871\/revisions"}],"predecessor-version":[{"id":302872,"href":"https:\/\/amuseapp.art\/de\/wp-json\/wp\/v2\/pages\/302871\/revisions\/302872"}],"wp:attachment":[{"href":"https:\/\/amuseapp.art\/de\/wp-json\/wp\/v2\/media?parent=302871"}],"curies":[{"name":"wp","href":"https:\/\/api.w.org\/{rel}","templated":true}]}}